{"id":76168,"date":"2026-08-19T17:33:53","date_gmt":"2026-08-19T15:33:53","guid":{"rendered":"https:\/\/imagazine.it\/home_desk\/?post_type=mec-events&#038;p=76168"},"modified":"2026-08-19T17:33:53","modified_gmt":"2026-08-19T15:33:53","slug":"medioevo-a-valvasone-3","status":"publish","type":"mec-events","link":"https:\/\/imagazine.it\/home_desk\/events\/medioevo-a-valvasone-3\/","title":{"rendered":"Medioevo a Valvasone"},"content":{"rendered":"<p>Per la sua 34\u00aa edizione, in programma <strong>dal 3 al 6 settembre<\/strong> con il tema \u201c<em>Orcolat \u2013 Il risveglio della Terra<\/em>\u201d, <strong>Medioevo a Valvasone<\/strong> amplia ancora il modo di vivere il borgo e la sua storia, con esperienze interattive, occasioni di approfondimento, musica e tante novit\u00e0.<\/p>\n<p>Tra le pi\u00f9 curiose c\u2019\u00e8 il Processo al Porco, proposta di teatro popolare ispirata a una pratica realmente documentata: i processi intentati contro gli animali.<\/p>\n<p>In Piazza Castello, tre guitti porteranno davanti al tribunale una porca accusata di essere responsabile delle disgrazie del borgo.<\/p>\n<p>Ma il pubblico non rester\u00e0 a guardare: tra arringhe, canti e improvvisazioni, alcuni spettatori saranno chiamati a vestire i panni del notaio e della giuria.<\/p>\n<p>Gli appuntamenti sono in programma sabato 5 settembre alle 15.30, 17 e 19 e domenica 6 alle 10.30, 12, 16.30 e 19.<\/p>\n<p>Le vie di Valvasone diventeranno anche il terreno di gioco di Trova il Conte, avventura narrativa diffusa nel centro storico. Il Conte ha convocato i partecipanti, ma nessuno sa per quale motivo e, soprattutto, nessuno riesce a trovarlo.<\/p>\n<p>Dal Banco del Conte in Piazza Mercato prender\u00e0 cos\u00ec il via una ricerca attraverso cartigli, indizi ed enigmi: facciate, vie, ponti, chiese, la roggia e gli angoli del borgo diventeranno parte della storia e strumenti necessari per arrivare alla soluzione.<\/p>\n<p>Debutta anche l\u2019Officina Sartoria, ospitata in Sala Erasmo per tutta la durata della manifestazione.<\/p>\n<p>Curata da Sara Paci Piccolo, con la collaborazione di Sonia Turco e la partecipazione del Quartiere Sant\u2019Eulalia di Albenga, ricostruir\u00e0 l\u2019intera filiera dell\u2019abito medievale: dalla cardatura e filatura della lana alla tintura con le erbe, fino al taglio, alla confezione, al ricamo, alle passamanerie e alle cinture tessute a tavolette.<\/p>\n<p>Un\u2019altra novit\u00e0 attraverser\u00e0 le strade del paese: la Parata della Festa dell\u2019Asino, il \u00abcorteo del mondo alla rovescia\u00bb: musici, tamburi, figuranti e trampolieri torneranno a percorrere il borgo recuperando il simbolismo medievale dell\u2019asino e il gioco del rovesciamento, nel quale l\u2019umile diventa sovrano.<\/p>\n<p>In questo percorso esordiranno gli Stramps Errans, il nuovo gruppo di trampolieri di Valvasone. Una formazione nata da poco, che nel 2026 si presenter\u00e0 per la prima volta al pubblico e che resta aperta a quanti vorranno cimentarsi nell\u2019arte dei trampoli.<\/p>\n<p>Accanto agli spettacoli, Medioevo a Valvasone rafforza anche lo spazio dedicato all\u2019approfondimento storico. Sabato 5 alle 16, nella Chiesa dei SS. Pietro e Paolo, tre studiosi di primo piano saranno protagonisti dell\u2019incontro \u201cDal Medioevo alla sua invenzione\u201d: Franco Franceschi dell\u2019Universit\u00e0 di Siena dialogher\u00e0 con Tommaso di Carpegna Falconieri dell\u2019Universit\u00e0 di Urbino e Francesca Roversi Monaco dell\u2019Universit\u00e0 di Bologna.<\/p>\n<p>Domenica 6 alle 16.30 sar\u00e0 invece la musica a riportare il pubblico indietro nei secoli con \u201cCuncti simus concanentes\u201d, concerto del coro di canto medievale Concentus Musicus Patavinus dell\u2019Universit\u00e0 di Padova. Un percorso tra canti gregoriani, polifonie semplici, laude, ballate e danze della tradizione europea.<\/p>\n<p>Quest&#8217;anno, come nella scorsa edizione, torna anche un\u2019attenzione specifica all\u2019accessibilit\u00e0. Domenica alle 10.15, in Piazza Castello, il Conte accoglier\u00e0 il pubblico per un viaggio nel Medioevo accessibile in LIS, Lingua dei Segni Italiana, realizzato in collaborazione con l\u2019Ente Nazionale Sordi, delegazione di Pordenone.<\/p>\n<p>La giornata conclusiva avr\u00e0 un collegamento speciale con il resto della regione: domenica 6 il Treno storico \u201cCitt\u00e0 del Medioevo\u201d sar\u00e0 dedicato alla manifestazione, con partenza da Trieste e arrivo a Casarsa.<\/p>\n<p>Un viaggio a bordo delle carrozze storiche \u201cCentoporte\u201d degli anni Trenta che permetter\u00e0 di cominciare l\u2019immersione nel passato ancora prima di raggiungere Valvasone.<\/p>\n<p>Sono alcune delle novit\u00e0 di un programma che, con oltre 150 appuntamenti, torner\u00e0 a riempire strade, piazze, corti e fossati di combattimenti, giostre, musica, teatro, antichi mestieri e convivialit\u00e0.<\/p>\n","protected":false},"excerpt":{"rendered":"<p>Con il tema \u201cOrcolat \u2013 Il risveglio della Terra\u201d, l&#8217;evento amplia ancora il modo di vivere il borgo e la sua storia. Ecco le novit\u00e0<\/p>\n","protected":false},"author":28,"featured_media":76169,"comment_status":"closed","ping_status":"closed","template":"","tags":[3831,261,826,1009,821,1340],"mec_category":[131],"class_list":["post-76168","mec-events","type-mec-events","status-publish","has-post-thumbnail","hentry","tag-arzene","tag-eventi","tag-eventi-fvg","tag-rievocazione","tag-spettacoli","tag-valvasone","mec_category-discovery"],"_links":{"self":[{"href":"https:\/\/imagazine.it\/home_desk\/wp-json\/wp\/v2\/mec-events\/76168","targetHints":{"allow":["GET"]}}],"collection":[{"href":"https:\/\/imagazine.it\/home_desk\/wp-json\/wp\/v2\/mec-events"}],"about":[{"href":"https:\/\/imagazine.it\/home_desk\/wp-json\/wp\/v2\/types\/mec-events"}],"author":[{"embeddable":true,"href":"https:\/\/imagazine.it\/home_desk\/wp-json\/wp\/v2\/users\/28"}],"replies":[{"embeddable":true,"href":"https:\/\/imagazine.it\/home_desk\/wp-json\/wp\/v2\/comments?post=76168"}],"wp:featuredmedia":[{"embeddable":true,"href":"https:\/\/imagazine.it\/home_desk\/wp-json\/wp\/v2\/media\/76169"}],"wp:attachment":[{"href":"https:\/\/imagazine.it\/home_desk\/wp-json\/wp\/v2\/media?parent=76168"}],"wp:term":[{"taxonomy":"post_tag","embeddable":true,"href":"https:\/\/imagazine.it\/home_desk\/wp-json\/wp\/v2\/tags?post=76168"},{"taxonomy":"mec_category","embeddable":true,"href":"https:\/\/imagazine.it\/home_desk\/wp-json\/wp\/v2\/mec_category?post=76168"}],"curies":[{"name":"wp","href":"https:\/\/api.w.org\/{rel}","templated":true}]}}