{"id":73492,"date":"2026-04-27T11:01:24","date_gmt":"2026-04-27T09:01:24","guid":{"rendered":"https:\/\/imagazine.it\/home_desk\/?post_type=mec-events&#038;p=73492"},"modified":"2026-04-27T11:01:24","modified_gmt":"2026-04-27T09:01:24","slug":"ronchi-difende-la-liberta-di-stampa","status":"publish","type":"mec-events","link":"https:\/\/imagazine.it\/home_desk\/events\/ronchi-difende-la-liberta-di-stampa\/","title":{"rendered":"Ronchi difende la libert\u00e0 di stampa"},"content":{"rendered":"<p>L\u2019<strong>associazione culturale Leali delle Notizie<\/strong>\u00a0scende nuovamente in campo in occasione della\u00a0<strong>Giornata mondiale della Libert\u00e0 di Stampa\u00a0<\/strong>per ricordare a tutti l\u2019importanza del diritto a informare e a essere informati, una questione cruciale per la democrazia e la partecipazione.<\/p>\n<p>L\u2019appuntamento \u00e8 per\u00a0<strong>gioved\u00ec 30 aprile a Ronchi dei Legionari<\/strong>\u00a0con una giornata che si aprir\u00e0, al mattino, con la passeggiata della libert\u00e0 di stampa per le scuole e proseguir\u00e0 con due significativi momenti nel pomeriggio.<\/p>\n<p>L\u2019edizione 2026 \u00e8 dedicata, in particolare,\u00a0<strong>all\u2019Iran e alle vittime della repressione del regime<\/strong>.<\/p>\n<p>Un ricordo andr\u00e0 a\u00a0<strong>Raha Behloulipour<\/strong>, 23 anni, studentessa di lingua e letteratura italiana all\u2019Universit\u00e0 di Teheran, uccisa il 9 gennaio 2026 durante le manifestazioni di protesta antigovernative, da una pallottola sparata dalle forze speciali della polizia.<\/p>\n<p>A lei, per condannare le gravissime violazioni dei diritti umani in Iran, sar\u00e0 dedicato un pannello della passeggiata come simbolo della libert\u00e0 negata nel Paese.<\/p>\n<p>Il programma partir\u00e0\u00a0<strong>alle 10\u00a0<\/strong>con gli studenti dell\u2019<strong>Isis Sandro Pertini di Monfalcone<\/strong>\u00a0che saranno protagonisti della mattinata; il ritrovo \u00e8 in piazzetta Francesco Giuseppe I dove sar\u00e0 inaugurato l\u2019omaggio a Raha Behloulipour alla presenza di\u00a0<strong>Giuseppe Giulietti\u00a0<\/strong>(portavoce nazionale Articolo 21),\u00a0<strong>Ahmad Rafat\u00a0<\/strong>(giornalista e scrittore iraniano),\u00a0<strong>Furio Baldassi\u00a0<\/strong>(presidente regionale Ordine dei Giornalisti) e l\u2019assessore comunale alla cultura\u00a0<strong>Monica Carta<\/strong>. Da l\u00ec si proseguir\u00e0 lungo la passeggiata che, nel centro di Ronchi dei Legionari, commemora i troppi giornalisti la cui voce \u00e8 stata spenta unicamente per aver svolto il proprio lavoro.<\/p>\n<p>Nel pomeriggio, <strong>alle 17<\/strong>, ci si sposter\u00e0 nei pressi della\u00a0<strong>Biblioteca Sandro Pertini\u00a0<\/strong>(androna Palmada 1, accanto al Municipio) per l\u2019inaugurazione di<strong>\u00a0due nuovi pannelli\u00a0<\/strong>della passeggiata dedicati a\u00a0<strong>Carlo Tresca\u00a0<\/strong>(sindacalista, giornalista, editore, anarchico, antifascista e drammaturgo italiano naturalizzato statunitense, editore di giornali e leader del movimento operaio negli USA, assassinato a New York l\u201911 gennaio 1943) e\u00a0<strong>Camillo Berneri\u00a0<\/strong>(filosofo, scrittore e anarchico italiano, ucciso nel maggio 1937 a Barcellona durante la battaglia intestina al fronte antifascista spagnolo nell\u2019ambito della guerra civile), che saranno ricordati da\u00a0<strong>Luca Meneghesso<\/strong>, storico e vicepresidente dell\u2019associazione\u00a0<strong><em>Patatrac<\/em><\/strong>.<\/p>\n<p>Infine,\u00a0<strong>alle 18.30<\/strong>, nella piazzetta della Biblioteca (in caso di maltempo nella sala del Consorzio di Bonifica in via Duca D\u2019Aosta 3\/5), sar\u00e0 presentato il libro\u00a0<em>La libert\u00e0 delle panchine. Piccoli spazi per guardare il mondo e sognare<\/em>\u00a0(Ediciclo) di\u00a0<strong>Paolo Ciampi\u00a0<\/strong>(giornalista e scrittore); con l\u2019autore dialogheranno la giornalista e fotografa\u00a0<strong>Katia Bonaventura\u00a0<\/strong>e\u00a0<strong>Paolo Iannaccone<\/strong>, presidente del Centro di accoglienza Ernesto Balducci.<\/p>\n<p>L\u2019incontro \u00e8 particolarmente significativo per Leali delle Notizie che, fin dal 2019, grazie all\u2019impegno dell\u2019ex vicepresidente\u00a0<strong>Cristina Visintini<\/strong>, scomparsa nel 2021, ha dato vita a una serie di panchine dedicate alla libert\u00e0 di stampa partendo proprio da\u00a0<strong>Ronchi\u00a0<\/strong>(in omaggio a\u00a0<strong>Daphne Caruana Galizia<\/strong>), e proseguendo a\u00a0<strong>Torre Annunziata\u00a0<\/strong>(in ricordo di\u00a0<strong>Giancarlo Siani<\/strong>), a\u00a0<strong>Roma<\/strong>, nel Ghetto ebraico, e a\u00a0<strong>San Daniele del Friuli<\/strong>, a testimoniare il valore dell\u2019Articolo 21 della Costituzione. A Ronchi, inoltre, sono presenti altre panchine in ricordo di\u00a0<strong>Antonio Megalizzi<\/strong>, giornalista trentino vittima dell\u2019attentato terroristico ai mercatini di Natale a Strasburgo l\u201911 dicembre 2018, in memoria di\u00a0<strong>Mario Paciolla<\/strong>, giornalista ucciso in Colombia nel 2020, e in omaggio proprio a Cristina Visintini.<\/p>\n<p>La manifestazione gode del patrocinio e della collaborazione del Comune di Ronchi dei Legionari, dell\u2019Ordine nazionale e regionale dei Giornalisti, della Federazione nazionale della Stampa Italiana, di Articolo 21, del Centro di accoglienza Ernesto Balducci di Zugliano e del Consorzio di Bonifica della Venezia Giulia.<\/p>\n","protected":false},"excerpt":{"rendered":"<p>Nella Giornata Mondiale serie di iniziative di Leali delle Notizie, con un pensiero particolare all\u2019Iran e alle vittime della repressione del regime<\/p>\n","protected":false},"author":28,"featured_media":73493,"comment_status":"closed","ping_status":"closed","template":"","tags":[261,826,404,149],"mec_category":[59],"class_list":["post-73492","mec-events","type-mec-events","status-publish","has-post-thumbnail","hentry","tag-eventi","tag-eventi-fvg","tag-giornalismo","tag-ronchi","mec_category-meeting"],"_links":{"self":[{"href":"https:\/\/imagazine.it\/home_desk\/wp-json\/wp\/v2\/mec-events\/73492","targetHints":{"allow":["GET"]}}],"collection":[{"href":"https:\/\/imagazine.it\/home_desk\/wp-json\/wp\/v2\/mec-events"}],"about":[{"href":"https:\/\/imagazine.it\/home_desk\/wp-json\/wp\/v2\/types\/mec-events"}],"author":[{"embeddable":true,"href":"https:\/\/imagazine.it\/home_desk\/wp-json\/wp\/v2\/users\/28"}],"replies":[{"embeddable":true,"href":"https:\/\/imagazine.it\/home_desk\/wp-json\/wp\/v2\/comments?post=73492"}],"wp:featuredmedia":[{"embeddable":true,"href":"https:\/\/imagazine.it\/home_desk\/wp-json\/wp\/v2\/media\/73493"}],"wp:attachment":[{"href":"https:\/\/imagazine.it\/home_desk\/wp-json\/wp\/v2\/media?parent=73492"}],"wp:term":[{"taxonomy":"post_tag","embeddable":true,"href":"https:\/\/imagazine.it\/home_desk\/wp-json\/wp\/v2\/tags?post=73492"},{"taxonomy":"mec_category","embeddable":true,"href":"https:\/\/imagazine.it\/home_desk\/wp-json\/wp\/v2\/mec_category?post=73492"}],"curies":[{"name":"wp","href":"https:\/\/api.w.org\/{rel}","templated":true}]}}