{"id":73261,"date":"2026-04-20T11:14:27","date_gmt":"2026-04-20T09:14:27","guid":{"rendered":"https:\/\/imagazine.it\/home_desk\/?post_type=mec-events&#038;p=73261"},"modified":"2026-04-20T11:14:27","modified_gmt":"2026-04-20T09:14:27","slug":"la-rigenerazione-di-leonardo-lancia-la-capitale-della-cultura","status":"publish","type":"mec-events","link":"https:\/\/imagazine.it\/home_desk\/events\/la-rigenerazione-di-leonardo-lancia-la-capitale-della-cultura\/","title":{"rendered":"La rigenerazione di Leonardo lancia la Capitale della Cultura"},"content":{"rendered":"<h6>Massimiliano Finazzer Flory<\/h6>\n<p>&nbsp;<\/p>\n<p>Un\u00a0<b>castello \u201cspeciale\u201d nel cuore della citt\u00e0<\/b>, destinato a finalit\u00e0 rieducative e di reinserimento sociale delle persone private della libert\u00e0.<\/p>\n<p>E un\u00a0<b>teatro a cielo aperto, proprio ai piedi di quel castello<\/b>: una scenografia urbana che acquista una propria identit\u00e0 visiva \u201cvestendosi\u201d di installazioni multimediali, un\u2019agor\u00e0 racchiusa da palazzi che diventano superfici vive, trasformate dalla luce e dalle immagini in un fondale scenico unico e irripetibile, per accogliere performance artistiche \u201ctrasversali\u201d fra<b>\u00a0<\/b>teatro, cinema, danza e musica.<\/p>\n<p>A\u00a0<b>Pordenone, la Capitale Italiana della Cultura 2027<\/b>, la\u00a0<b>contiguit\u00e0<\/b>\u00a0fra il\u00a0<b>penitenziario cittadino<\/b>, ospite dello storico Castello nel centro storico, e\u00a0<b>il nuovo TU27 \u2013 il Teatro Urbano in piazza della Motta diventato spazio culturale attivo<\/b>\u00a0grazie al sistema che<b>\u00a0<\/b>mette in dialogo gli artisti in scena e le proiezioni multimediale,\u00a0<b>offre l\u2019occasione per accogliere una performance davvero speciale e ricca di molteplici significati<\/b>:\u00a0<b><i>Leonardo in castello<\/i><\/b>, di e con\u00a0<b>Massimiliano Finazzer<\/b>\u00a0<strong>Flory<\/strong>, sar\u00e0 una delle pi\u00f9 originali tappe del tour\u00a0<b><i>Viaggio favoloso in un\u2019Italia che c\u2019\u00e8<\/i><\/b>, promosso dal Ministero del Turismo.<b><\/b><\/p>\n<p>Curata da\u00a0<b>Fondazione Pordenonelegge.it<\/b>\u00a0e promossa in sinergia con il\u00a0<b>Comune di Pordenone<\/b>\u00a0e la\u00a0<b>Regione autonoma Friuli Venezia Giulia<\/b>, evento inaugurale del\u00a0<b>cartellone 2026 di TU27<\/b>\u00a0nell\u2019ambito delle\u00a0<b>iniziative\u00a0<i>verso Capitale della Cultura 2027<\/i><\/b>, la produzione\u00a0<b><i>Leonardo in castello<\/i><\/b>\u00a0schiuder\u00e0\u00a0<b>un ponte ideale di integrazione fra la comunit\u00e0 cittadina e la comunit\u00e0 del Castello di Pordenone<\/b>, nel segno del genio italiano e di un \u201cRinascimento\u201d e del nuovo umanesimo di cui ha molto bisogno il nostro tempo convulso.<\/p>\n<p>In un mondo complesso e frammentato,\u00a0<b>l\u2019ispirazione di Leonardo ricorda l&#8217;importanza di fondere creativit\u00e0, umanit\u00e0 e conoscenza<\/b>\u00a0per affrontare le sfide del presente ed entrare nel futuro.<\/p>\n<p><b>Appuntamento domenica 26 aprile<\/b>, alle<b>\u00a020.45\u00a0<\/b>nella suggestiva location del\u00a0<b>Teatro Urbano<\/b>\u00a0in Piazza della Motta a Pordenone: in scena l\u2019artista\u00a0<b>Massimiliano Finazzer Flory si esibir\u00e0 su testi originali di Leonardo da Vinci<\/b>, il primo &#8220;eco-designer&#8221; della storia, estratti dai diversi Codici e taccuini dell\u2019epoca.<\/p>\n<p>Accompagnato dalle sonorit\u00e0 del liuto<b>\u00a0<\/b>di<b>\u00a0Fabio Accursio<\/b>, Massimiliano Finazzer Flory &#8211; da anni impegnato in Italia e nel mondo nel dare voce a Leonardo da Vinci &#8211; porter\u00e0 in scena la figura sorprendentemente attuale della voce pi\u00f9 iconica della storia culturale italiana.<\/p>\n<p>Le\u00a0<b>scenografie multimediali realizzate per l&#8217;occasione<\/b>\u00a0renderanno vive le facciate dei palazzi e amplificheranno l&#8217;atmosfera dell\u2019evento, restituendo alcune delle opere iconiche di Leonardo: dall\u2019<b><i>Ultima Cena<\/i>\u00a0<\/b>alla\u00a0<b><i>Gioconda<\/i><\/b>, dalla\u00a0<b><i>Dama con l\u2019ermellino<\/i><\/b>\u00a0all\u2019<b><i>Uomo Vitruviano<\/i><\/b>,\u00a0<b>immagini che saranno le \u201cquinte\u201d del \u201cpalcoscenico\u201d della piazza<\/b>, in una dimensione teatrale urbana di alta suggestione. TU27 \u00e8 sede del progetto landmark del dossier di Candidatura\u00a0<i>Scenografie Urbane Digitali<\/i>.<\/p>\n<p>\u00abSiamo\u00a0<b>orgogliosi che\u00a0<i>Leonardo in Castello<\/i>\u00a0inauguri il cartellone TU27<\/b>\u00a0\u2013 spiega il presidente di Fondazione Pordenonelegge.it\u00a0<b>Michelangelo Agrusti<\/b> \u2013. Per la valenza simbolica di questa performance, innanzitutto: il \u201cCastello\u201d di Pordenone \u00e8 anche la Casa Circondariale della citt\u00e0 e da molte edizioni <b>pordenonelegge alimenta connessioni e sinergie per portare il festival anche al suo interno<\/b>\u00a0e\u00a0<b>consentire a chi sta scontando una pena di fruire almeno di un evento della nostra kermesse<\/b>. Altrettanto simbolica l\u2019evocazione della figura di\u00a0<b>Leonardo, icona rinascimentale di estrema attualit\u00e0<\/b>: la sua visione olistica e umanistica offre un antidoto necessario al nostro tempo di guerre e crisi ambientali. La sua capacit\u00e0 di unire arte e scienza e il suo profondo rispetto per la natura indicano la via di un &#8220;nuovo Rinascimento&#8221; di dialogo, comprensione reciproca, rispetto dei valori della sostenibilit\u00e0 umana e sociale. Siamo anche lieti che\u00a0<b>la nostra visione intorno all\u2019effetto immersivo del digitale sul paesaggio urbano<\/b>\u00a0sia\u00a0<b>cifra caratterizzante di Pordenone, in vista del 2027 della Capitale Italiana della Cultura<\/b>: Fondazione Pordenonelegge.it nel 2024 ha introdotto questa suggestione nel contesto della Festa del libro e della libert\u00e0: le cinque serate di pordenonelegge sono infatti \u201cincastonate\u201d nelle proiezioni delle pi\u00f9 grandi e suggestive biblioteche del pianeta, proiettate sui palazzi del centro storico di Pordenone, trasformando cos\u00ec la citt\u00e0 in una &#8220;biblioteca a cielo aperto&#8221;\u00bb.<\/p>\n","protected":false},"excerpt":{"rendered":"<p>A Pordenone l\u2019artista Massimiliano Finazzer Flory per un &#8220;viaggio favoloso in un&#8217;Italia che c&#8217;\u00e8&#8221;. Grazie ai testi di Da Vinci<\/p>\n","protected":false},"author":28,"featured_media":73262,"comment_status":"closed","ping_status":"closed","template":"","tags":[261,826,275,821,52],"mec_category":[48],"class_list":["post-73261","mec-events","type-mec-events","status-publish","has-post-thumbnail","hentry","tag-eventi","tag-eventi-fvg","tag-pordenone","tag-spettacoli","tag-teatro","mec_category-classic-art"],"_links":{"self":[{"href":"https:\/\/imagazine.it\/home_desk\/wp-json\/wp\/v2\/mec-events\/73261","targetHints":{"allow":["GET"]}}],"collection":[{"href":"https:\/\/imagazine.it\/home_desk\/wp-json\/wp\/v2\/mec-events"}],"about":[{"href":"https:\/\/imagazine.it\/home_desk\/wp-json\/wp\/v2\/types\/mec-events"}],"author":[{"embeddable":true,"href":"https:\/\/imagazine.it\/home_desk\/wp-json\/wp\/v2\/users\/28"}],"replies":[{"embeddable":true,"href":"https:\/\/imagazine.it\/home_desk\/wp-json\/wp\/v2\/comments?post=73261"}],"wp:featuredmedia":[{"embeddable":true,"href":"https:\/\/imagazine.it\/home_desk\/wp-json\/wp\/v2\/media\/73262"}],"wp:attachment":[{"href":"https:\/\/imagazine.it\/home_desk\/wp-json\/wp\/v2\/media?parent=73261"}],"wp:term":[{"taxonomy":"post_tag","embeddable":true,"href":"https:\/\/imagazine.it\/home_desk\/wp-json\/wp\/v2\/tags?post=73261"},{"taxonomy":"mec_category","embeddable":true,"href":"https:\/\/imagazine.it\/home_desk\/wp-json\/wp\/v2\/mec_category?post=73261"}],"curies":[{"name":"wp","href":"https:\/\/api.w.org\/{rel}","templated":true}]}}