{"id":72538,"date":"2026-03-24T11:09:34","date_gmt":"2026-03-24T10:09:34","guid":{"rendered":"https:\/\/imagazine.it\/home_desk\/?post_type=mec-events&#038;p=72538"},"modified":"2026-03-24T11:09:34","modified_gmt":"2026-03-24T10:09:34","slug":"le-pro-loco-del-fvg-insieme-a-venzone","status":"publish","type":"mec-events","link":"https:\/\/imagazine.it\/home_desk\/events\/le-pro-loco-del-fvg-insieme-a-venzone\/","title":{"rendered":"Le Pro Loco del FVG insieme a Venzone"},"content":{"rendered":"<h6>Pietro De Marchi, presidente delle Pro Loco del Friuli Venezia Giulia<\/h6>\n<p>&nbsp;<\/p>\n<p>Si svolger\u00e0 <strong>sabato 28 marzo<\/strong> a <strong>Venzone<\/strong> \u2013 dalle 10 nella Sala consiliare del Municipio \u2013 l\u2019assemblea annuale del <strong>Comitato regionale dell\u2019Unione nazionale tra le Pro Loco d\u2019Italia<\/strong>.<\/p>\n<p>Oltre ai punti all\u2019ordine del giorno \u2013 con la relazione del presidente <strong>Pietro De Marchi<\/strong>, il bilancio e l\u2019elezione dei rappresentanti regionali all\u2019assemblea nazionale del prossimo autunno \u2013 si parler\u00e0 anche della nuova fiscalit\u00e0 del Terzo Settore e sar\u00e0 commemorato il 50\u00b0 anniversario dal terremoto del Friuli del 1976, in cui Venzone fu duramente colpita.<\/p>\n<p>\u201cSar\u00e0 l\u2019assemblea con il pi\u00f9 alto numero di associate di sempre \u2013 dichiara De Marchi \u2013 visto che in questo inizio 2026 abbiamo raggiunto quota 250 Pro Loco aderenti. Un mondo capace di organizzare oltre 1.400 eventi ogni anno in Friuli Venezia Giulia grazie all\u2019impegno di oltre 22mila volontari. Con l\u2019occasione commemoreremo anche le vittime del terremoto del 1976 e celebreremo la resilienza delle popolazioni colpite che hanno saputo ricostruire le proprie realt\u00e0, come avvenuto a Venzone. Vista la ricorrenza del 50\u00b0 anniversario dal sisma, abbiamo anche lanciato un concorso letterario per gli studenti. Infine ci sar\u00e0 anche spazio per confrontarci sulla nuova fiscalit\u00e0 del terzo settore, in vista del convegno sul tema che organizzeremo il 18 aprile prossimo\u201d.<\/p>\n<p>Ai lavori parteciperanno in rappresentanza della Regione Friuli Venezia Giulia il presidente del consiglio regionale <strong>Mauro Bordin<\/strong> e l\u2019assessore regionale al turismo e attivit\u00e0 produttive <strong>Sergio Emidio Bini<\/strong>. Si collegher\u00e0 con l\u2019assemblea anche il presidente nazionale UNPLI <strong>Antonino La Spina<\/strong>.<\/p>\n<h3><strong>Il convegno<\/strong><\/h3>\n<p>A Venzone sar\u00e0 presentato il convegno su contributi regionali e fiscalit\u00e0 Ets di sabato 18 aprile 2026 mattina a Udine, nell\u2019Auditorium della Regione. Sar\u00e0 relatore l\u2019avvocato <strong>Gabriele Sepio<\/strong>, docente di diritto tributario, editorialista de <em>Il Sole 24 Ore<\/em>, coordinatore del tavolo tecnico fiscale per la riforma del Terzo settore ed estensore di alcune tra le misure pi\u00f9 importanti e innovative della riforma.<\/p>\n","protected":false},"excerpt":{"rendered":"<p>Nell&#8217;assemblea annuale pi\u00f9 numerosa di sempre, si parler\u00e0 anche della nuova fiscalit\u00e0 del Terzo Settore e del 50\u00b0 anniversario dal terremoto<\/p>\n","protected":false},"author":28,"featured_media":72539,"comment_status":"closed","ping_status":"closed","template":"","tags":[2830,1158,214],"mec_category":[59],"class_list":["post-72538","mec-events","type-mec-events","status-publish","has-post-thumbnail","hentry","tag-associazionismo","tag-pro-loco","tag-volontariato","mec_category-meeting"],"_links":{"self":[{"href":"https:\/\/imagazine.it\/home_desk\/wp-json\/wp\/v2\/mec-events\/72538","targetHints":{"allow":["GET"]}}],"collection":[{"href":"https:\/\/imagazine.it\/home_desk\/wp-json\/wp\/v2\/mec-events"}],"about":[{"href":"https:\/\/imagazine.it\/home_desk\/wp-json\/wp\/v2\/types\/mec-events"}],"author":[{"embeddable":true,"href":"https:\/\/imagazine.it\/home_desk\/wp-json\/wp\/v2\/users\/28"}],"replies":[{"embeddable":true,"href":"https:\/\/imagazine.it\/home_desk\/wp-json\/wp\/v2\/comments?post=72538"}],"wp:featuredmedia":[{"embeddable":true,"href":"https:\/\/imagazine.it\/home_desk\/wp-json\/wp\/v2\/media\/72539"}],"wp:attachment":[{"href":"https:\/\/imagazine.it\/home_desk\/wp-json\/wp\/v2\/media?parent=72538"}],"wp:term":[{"taxonomy":"post_tag","embeddable":true,"href":"https:\/\/imagazine.it\/home_desk\/wp-json\/wp\/v2\/tags?post=72538"},{"taxonomy":"mec_category","embeddable":true,"href":"https:\/\/imagazine.it\/home_desk\/wp-json\/wp\/v2\/mec_category?post=72538"}],"curies":[{"name":"wp","href":"https:\/\/api.w.org\/{rel}","templated":true}]}}