{"id":69948,"date":"2025-12-03T12:57:35","date_gmt":"2025-12-03T11:57:35","guid":{"rendered":"https:\/\/imagazine.it\/home_desk\/?post_type=mec-events&#038;p=69948"},"modified":"2025-12-03T12:57:35","modified_gmt":"2025-12-03T11:57:35","slug":"arrivo-di-san-nicolo","status":"publish","type":"mec-events","link":"https:\/\/imagazine.it\/home_desk\/events\/arrivo-di-san-nicolo\/","title":{"rendered":"Arrivo di San Nicol\u00f2"},"content":{"rendered":"<p>Inizia ufficialmente il periodo delle feste per la comunit\u00e0 di Aiello e Joannis.<\/p>\n<p>La <strong>Pro Loco Aiello &amp; Joannis<\/strong>, con il patrocinio dell&#8217;Unione Nazionale Pro Loco (UNPLI) e in collaborazione con il comune di Aiello ha organizzato per sabato 6 dicembre un programma di eventi intitolato &#8220;<strong><em>Aspettando San Nicol\u00f2<\/em><\/strong>&#8220;.<\/p>\n<p>La giornata sar\u00e0 interamente dedicata alla famiglia e alla tradizione, con un focus particolare sui bambini e sull&#8217;avvio dei simboli natalizi. Le attivit\u00e0 prendono il via alle 14.30, presso la Ciasa dal Mujni, con un laboratorio creativo per bambini curato dagli &#8220;<strong>Animators Dael<\/strong>&#8220;. Per tutti i partecipanti sar\u00e0 offerta una merenda. Successivamente la comunit\u00e0 si ritrover\u00e0 nella Chiesa di Sant&#8217;Ulderico per la messa; seguir\u00e0, alle ore 17.15, sul sagrato l&#8217;accensione dell&#8217;abete natalizio del Comune e l\u2019arrivo di San Nicol\u00f2, anche questo accompagnato dalla musica della <strong>Banda Musicale San Paolino<\/strong>.<\/p>\n<p>Dalla chiesa, San Nicol\u00f2 guider\u00e0 i presenti verso Piazza Donatori di Sangue. Qui avverr\u00e0 l&#8217;accensione del tradizionale Presepe del <strong>Circolo Culturale Navarca<\/strong> e dell&#8217;Albero dei Diritti del C.C.R.<\/p>\n<p>La serata sar\u00e0 animata dagli stand della <strong>Pro Loco<\/strong>, del <strong>Gruppo Missionario<\/strong> e della <strong>Protezione Civile<\/strong>, per concludere si terr\u00e0 la Lotteria di San Nicol\u00f2, con regali in palio per i pi\u00f9 piccoli.<\/p>\n<p><em>Livio Nonis<\/em><\/p>\n","protected":false},"excerpt":{"rendered":"<p>Ad Aiello il tradizionale appuntamento per grandi e piccini. on l&#8217;accensione dell&#8217;Albero di Natale e del presepe<\/p>\n","protected":false},"author":22,"featured_media":69950,"comment_status":"closed","ping_status":"closed","template":"","tags":[126,261,826,2623],"mec_category":[131],"class_list":["post-69948","mec-events","type-mec-events","status-publish","has-post-thumbnail","hentry","tag-aiello","tag-eventi","tag-eventi-fvg","tag-san-nicolo","mec_category-discovery"],"_links":{"self":[{"href":"https:\/\/imagazine.it\/home_desk\/wp-json\/wp\/v2\/mec-events\/69948","targetHints":{"allow":["GET"]}}],"collection":[{"href":"https:\/\/imagazine.it\/home_desk\/wp-json\/wp\/v2\/mec-events"}],"about":[{"href":"https:\/\/imagazine.it\/home_desk\/wp-json\/wp\/v2\/types\/mec-events"}],"author":[{"embeddable":true,"href":"https:\/\/imagazine.it\/home_desk\/wp-json\/wp\/v2\/users\/22"}],"replies":[{"embeddable":true,"href":"https:\/\/imagazine.it\/home_desk\/wp-json\/wp\/v2\/comments?post=69948"}],"wp:featuredmedia":[{"embeddable":true,"href":"https:\/\/imagazine.it\/home_desk\/wp-json\/wp\/v2\/media\/69950"}],"wp:attachment":[{"href":"https:\/\/imagazine.it\/home_desk\/wp-json\/wp\/v2\/media?parent=69948"}],"wp:term":[{"taxonomy":"post_tag","embeddable":true,"href":"https:\/\/imagazine.it\/home_desk\/wp-json\/wp\/v2\/tags?post=69948"},{"taxonomy":"mec_category","embeddable":true,"href":"https:\/\/imagazine.it\/home_desk\/wp-json\/wp\/v2\/mec_category?post=69948"}],"curies":[{"name":"wp","href":"https:\/\/api.w.org\/{rel}","templated":true}]}}