{"id":69893,"date":"2025-11-27T18:22:06","date_gmt":"2025-11-27T17:22:06","guid":{"rendered":"https:\/\/imagazine.it\/home_desk\/?post_type=mec-events&#038;p=69893"},"modified":"2025-11-27T18:22:06","modified_gmt":"2025-11-27T17:22:06","slug":"dal-grande-nord-a-pordenone","status":"publish","type":"mec-events","link":"https:\/\/imagazine.it\/home_desk\/events\/dal-grande-nord-a-pordenone\/","title":{"rendered":"Dal Grande Nord a Pordenone"},"content":{"rendered":"<p><span style=\"font-size: 10pt;\"><em>Marit T\u00f6rnqvist. Tutto dormir\u00e0<\/em><\/span><\/p>\n<p><strong>Con un\u2019edizione dedicata ai grandi artisti del Nord<\/strong>, per estendere e arricchire<strong>\u00a0<\/strong>la nostra visione mediterranea nel confronto con un mondo narrativo diverso e ricco di suggestioni,\u00a0torna a<strong> Pordenone<\/strong>, negli spazi della<strong> Galleria Sagittaria <\/strong>a<strong> Casa Zanussi<\/strong>, l\u2019annuale rassegna espositiva<strong>\u00a0<em>Sentieri Illustrati<\/em>, dedicata all\u2019illustrazione per l\u2019infanzia<\/strong>\u00a0come sempre organizzata dal\u00a0<strong>Centro Iniziative Culturali Pordenone<\/strong>.<\/p>\n<p>Sar\u00e0 questa la\u00a0<strong>17<sup>\u00a0a<\/sup>\u00a0edizione<\/strong>\u00a0di quello che, nel tempo, \u00e8 diventato un\u00a0<strong>\u201cosservatorio\u201d internazionale sulla creativit\u00e0 degli illustratori per l\u2019infanzia<\/strong>, sulla variet\u00e0 e vivacit\u00e0 della proposta contemporanea in Italia e in Europa, sull\u2019evoluzione e le tendenze delle tavole che \u201cparlano\u201d ai pi\u00f9 piccoli con i loro disegni.<\/p>\n<p>Appuntamento<strong> sabato 29 novembre, alle 17.30 nella Galleria Sagittaria, per scoprire le suggestioni della mostra<\/strong>\u00a0<strong><em>Dal Grande Nord. Illustratori dalla Svezia<\/em><\/strong>:\u00a0<strong>Emma\u00a0AdB\u00e5ge,\u00a0Sven Nordqvist e Marit T\u00f6rnqvist<\/strong>\u00a0sono i protagonisti del percorso espositivo curato da\u00a0<strong>Silvia Pignat\u00a0<\/strong>con la collaborazione di<strong>\u00a0Angelo Bertani<\/strong>, 511\u00aa mostra d\u2019arte del Centro Iniziative Culturali Pordenone, su progetto grafico e allestimento di Silvia Pignat per il coordinamento del Presidente CICP\u00a0<strong>Fulvio Dell\u2019Agnese<\/strong>.<\/p>\n<p>\u00abUna mostra\u00a0\u2013 spiega il co-curatore Angelo Bertani \u2013 di particolare rilevanza per la qualit\u00e0 delle opere esposte e per la\u00a0caratterizzazione culturale degli artisti protagonisti: due illustratrici e un illustratore svedesi ai quali sono stati assegnati importanti e autorevoli premi internazionali\u00bb.<\/p>\n<p>E sottolinea\u00a0<strong>Fulvio Dell\u2019Agnese\u00a0<\/strong>\u00ablungo sentieri illustrati non c\u2019\u00e8 pericolo di smarrirsi. Sono gli spazi della fantasia ad accogliere la cadenza attutita dei nostri passi, mentre le dita voltano pagina. Quale sar\u00e0 lo sguardo adatto a esplorare i dettagli della tavola inchiostrata? Probabilmente non quello pragmatico\u00a0che normalmente riserviamo alle questioni della vita quotidiana, ma piuttosto lo sgranar d\u2019occhi di cui eravamo capaci da piccoli. E questo riguarda anche gli autori.\u00a0<strong>La bravura dell\u2019illustratrice, dell\u2019illustratore, non \u00e8 puramente tecnica, altrettanto determinante per loro \u00e8 la capacit\u00e0 di sognare come quando si era bambini<\/strong>, facendo in modo che la bravura acquisita e la complessit\u00e0 del pensiero adulto non avviluppino il racconto, ma lo lascino libero di scorrere\u00bb.<\/p>\n<p><strong>Visitabile gratuitamente fino al 7 febbraio 2026\u00a0<\/strong>(dal luned\u00ec al sabato, dalle 9 alle 19.\u00a0Chiuso luned\u00ec 8 dicembre e dal 24 dicembre 2025 al 6 gennaio 2026, fuori orario inviando mail a\u00a0<a href=\"mailto:cicp@centroculturapordenone.it\">cicp@centroculturapordenone.it<\/a>). L\u2019esposizione prevede anche laboratori per le scuole con la partecipazione di illustratori dal 26 gennaio al 7 febbraio 2026, a richiesta visite guidate per gruppi.<\/p>\n<p>Info e dettagli\u00a0<span style=\"text-decoration: underline;\"><a href=\"https:\/\/centroculturapordenone.it\/cicp\" target=\"_blank\" rel=\"noopener\">https:\/\/centroculturapordenone.it\/cicp<\/a><\/span><\/p>\n<p>\u00abL\u2019abilit\u00e0, o meglio la qualit\u00e0, di una illustratrice o di un illustratore \u2013 osserva<strong> Bertani <\/strong>\u2013 \u00e8 determinata dalla capacit\u00e0 di intrecciare e di far interagire spazio, tempo e narrazione, in una stretta relazione significante.\u00a0Emma\u00a0AdB\u00e5ge spesso scrive da s\u00e9 le storie che poi illustra e quindi ne decide in partenza il ritmo\u00a0(tempo nello spazio)\u00a0e l\u2019andamento complessivo. Ne\u00a0<em>La Natura<\/em>\u00a0affronta con ironia il tema decisivo del rapporto degli uomini con l\u2019ambiente che li circonda e in cui vivono con egoistica e ignorante cecit\u00e0, personaggi quasi eredi in chiave ludica di certo Picasso surrealista degli anni \u201820\/\u201930. Ne\u00a0<em>La buca<\/em>\u00a0e ne\u00a0<em>La ferita<\/em>\u00a0queste caratteristiche si pongono al servizio di una narrazione con gli occhi dei bambini: i \u201cgrandi\u201d che compaiono nei diversi ruoli sono significativamente immobili in un mondo bambino invece in continuo movimento.\u00a0Con Sven Nordqvist l\u2019immaginario dell\u2019illustratore \u00e8 di tipo surreale, visionario: in\u00a0<em>Passeggiata col cane\u00a0<\/em>la storia principale disvela tante microstorie, piacevolmente ci si perde e ci si ritrova.\u00a0Sven Nordqvist \u00e8 divenuto celebre anche per le storie che hanno come protagonisti lo svagato Pettson e il suo gatto Findus. Storie meno visionarie, ma ugualmente caratterizzate da una surrealt\u00e0 \u201cquotidiana\u201d.<strong>\u00a0<\/strong>Le illustrazioni di\u00a0Marit T\u00f6rnqvist schiudono uno spazio dolcemente prospettico, empaticamente pittorico, mimetico d\u2019atmosfera. In\u00a0<em>Quando Johan trov\u00f2 una vitellina<\/em>, dalla penna di Astrid Lindgren, l\u2019artista dipana\u00a0dinnanzi ai nostri occhi quello che nella tecnica cinematografica si chiama piano sequenza, in\u00a0<em>Pi\u00f9 grande di un sogno\u00a0<\/em>il protagonista vive nella dimensione del sogno il rapporto con la sorellina che non ha mai conosciuto, scomparsa prima che lui nascesse. In\u00a0<em>Tutto dormir\u00e0<\/em>\u00a0diviene centrale il tema di un silenzio pacificato, in cui ci si sente parte del tutto\u00bb.<\/p>\n","protected":false},"excerpt":{"rendered":"<p>Illustratori dalla Svezia: Emma AdB\u00e5ge, Sven Nordqvist e Marit T\u00f6rnqvist portano la loro creativit\u00e0 per l&#8217;infanzia<\/p>\n","protected":false},"author":28,"featured_media":69894,"comment_status":"closed","ping_status":"closed","template":"","tags":[546,261,826,60,275],"mec_category":[59],"class_list":["post-69893","mec-events","type-mec-events","status-publish","has-post-thumbnail","hentry","tag-bambini","tag-eventi","tag-eventi-fvg","tag-mostre","tag-pordenone","mec_category-meeting"],"_links":{"self":[{"href":"https:\/\/imagazine.it\/home_desk\/wp-json\/wp\/v2\/mec-events\/69893","targetHints":{"allow":["GET"]}}],"collection":[{"href":"https:\/\/imagazine.it\/home_desk\/wp-json\/wp\/v2\/mec-events"}],"about":[{"href":"https:\/\/imagazine.it\/home_desk\/wp-json\/wp\/v2\/types\/mec-events"}],"author":[{"embeddable":true,"href":"https:\/\/imagazine.it\/home_desk\/wp-json\/wp\/v2\/users\/28"}],"replies":[{"embeddable":true,"href":"https:\/\/imagazine.it\/home_desk\/wp-json\/wp\/v2\/comments?post=69893"}],"wp:featuredmedia":[{"embeddable":true,"href":"https:\/\/imagazine.it\/home_desk\/wp-json\/wp\/v2\/media\/69894"}],"wp:attachment":[{"href":"https:\/\/imagazine.it\/home_desk\/wp-json\/wp\/v2\/media?parent=69893"}],"wp:term":[{"taxonomy":"post_tag","embeddable":true,"href":"https:\/\/imagazine.it\/home_desk\/wp-json\/wp\/v2\/tags?post=69893"},{"taxonomy":"mec_category","embeddable":true,"href":"https:\/\/imagazine.it\/home_desk\/wp-json\/wp\/v2\/mec_category?post=69893"}],"curies":[{"name":"wp","href":"https:\/\/api.w.org\/{rel}","templated":true}]}}