{"id":69142,"date":"2025-10-29T11:54:18","date_gmt":"2025-10-29T10:54:18","guid":{"rendered":"https:\/\/imagazine.it\/home_desk\/?post_type=mec-events&#038;p=69142"},"modified":"2025-10-29T11:54:18","modified_gmt":"2025-10-29T10:54:18","slug":"lidea-e-il-luogo","status":"publish","type":"mec-events","link":"https:\/\/imagazine.it\/home_desk\/events\/lidea-e-il-luogo\/","title":{"rendered":"L\u2019idea e il luogo"},"content":{"rendered":"<p>Una <strong>mostra-percorso sulla rigenerazione dei territori montani<\/strong> con plastici, disegni, foto e video, tra tutela del paesaggio e rinnovamento architettonico intrecciati alla realt\u00e0 dei luoghi.<\/p>\n<p>\u00c8 quanto propone <strong>\u201c<em>L\u2019idea e il luogo<\/em>\u201d<\/strong>, l\u2019esposizione che l\u2019Ateneo friulano dedica a <strong>Gion Caminada<\/strong>, <strong>dal 31 ottobre al 16 novembre<\/strong>, nella <strong>Galleria \u201cTina Modotti\u201d<\/strong> a <strong>Udine<\/strong> (via Paolo Sarpi) nell\u2019ambito del progetto Inest (Cross Cutting 3 Public Engagement). Visitabile tutti i giorni dalle 9 alle 12 e dalle 15 alle 18.<\/p>\n<p><strong>Tra i pi\u00f9 noti architetti svizzeri<\/strong>, Caminada \u00e8 internazionalmente riconosciuto per la capacit\u00e0 di <strong>rigenerare spazi montani marginali, affini al contesto delle \u201cterre alte\u201d del Friuli Venezia Giulia<\/strong>. I lavori in mostra esplorano le possibilit\u00e0 offerte dalla tradizione costruttiva delle valli montane e, in particolare, dai materiali utilizzati, in primo luogo il legno. Originario di Vrin, nel Cantone dei Grigioni, Gion Caminada \u00e8 stato professore al Politecnico di Zurigo. La mostra \u00e8 organizzata dai corsi di studio in architettura del Dipartimento Politecnico di ingegneria e architettura. \u00c8 curata da Alessandra Biasi e Claudia Pirina con la collaborazione di Tommaso Arnaboldi, Valerio Botta e Andrea Romano.<\/p>\n<p>L\u2019<strong>inaugurazione<\/strong>, alla <strong>presenza<\/strong> di <strong>Gion Caminada<\/strong>, si terr\u00e0 <strong>venerd\u00ec 31 ottobre, alle 17.30<\/strong> nella <strong>Galleria \u201cTina Modotti\u201d<\/strong>, <strong>introdotta, alle 15<\/strong>, da una <strong>conferenza illustrativa<\/strong> nel <strong>Salone del Popolo<\/strong> di Palazzo D\u2019Aronco (via Lionello 1). Gli esiti del lavoro di selezione e visione proposto a Udine, e le conclusioni raccolte durante l\u2019evento, verranno in seguito pubblicati in un apposito volume.<\/p>\n<h3><strong>Caminda e la rigenerazione dei luoghi<\/strong><\/h3>\n<p>A vent\u2019anni dalla mostra \u201cCul zuffel e l\u2019aura dado\u201d, a Merano nel 2005, l\u2019architetto ha accolto l\u2019invito dell\u2019Ateneo friulano a essere presente a Udine con un\u2019esposizione che illustra l\u2019iter ideativo del suo lavoro. Gli interventi che Caminada ha realizzato a Vrin, in Val Lumnezia, hanno promosso la riqualificazione sociale e urbana del piccolo comune, assunta a modello per altre zone alpine. In particolare, le sue architetture reinterpretano la tecnica a incastro denominata \u201cStrickbau\u201d, senza escludere la sperimentazione del calcestruzzo, nell\u2019intento di sondare il rapporto tra luogo e architettura alla base della sua ricerca. Un lavoro che, nel 2004, gli \u00e8 valso il Premio Arge Alp.<\/p>\n<h3><strong>La conferenza <\/strong><\/h3>\n<p>Il <strong>31 ottobre, alle 15<\/strong>, nel Salone del Popolo di Palazzo D\u2019Aronco, l\u2019inaugurazione della mostra sar\u00e0 preceduta da una conferenza introduttiva. Interverranno: il direttore del Dipartimento Politecnico di Ingegneria e Architettura dell\u2019Ateneo friulano, <strong>Alessandro Gasparetto<\/strong>; la presidente dell\u2019Ordine degli architetti, pianificatori, paesaggisti e conservatori della provincia di Udine, <strong>Francesca Rizzani<\/strong>, e il coordinatore dei corsi di studio di Architettura, <strong>Alberto Sdegno<\/strong>.<\/p>\n<h3><strong>L\u2019inaugurazione <\/strong><\/h3>\n<p>Il <strong>taglio del nastro<\/strong> della mostra si terr\u00e0 alle 17.30 nella Galleria \u201cTina Modotti\u201d. Alla presenza dell\u2019autore prenderanno la parola: l\u2019assessore alla cultura del Comune di Udine, <strong>Federico Pirone<\/strong>; il rettore dell\u2019Ateneo friulano, <strong>Angelo Montanari<\/strong>; la presidente dell\u2019Ordine degli architetti, pianificatori, paesaggisti e conservatori della provincia di Udine, <strong>Francesca Rizzani<\/strong>; il sindaco del Comune di Andreis, <strong>Fabrizio Prevarin<\/strong>, e il direttore del Cluster legno arredo casa, <strong>Carlo Piemonte<\/strong>. La mostra sar\u00e0 presentata da <strong>Alessandra Biasi<\/strong>, <strong>Claudia Pirina<\/strong>, <strong>Valerio Botta<\/strong>, <strong>Andrea Romano<\/strong>, <strong>Tommaso Arnaboldi<\/strong> in dialogo con <strong>Gion Caminada<\/strong>.<\/p>\n<p>\u00abL\u2019evento \u2013 spiegano <strong>Alessandra Biasi<\/strong>, docente di Restauro dell\u2019architettura, e <strong>Claudia Pirina<\/strong>, docente di Composizione architettonica e urbana \u2013 si propone di offrire visioni e prospettive all\u2019interno di un dibattito sui territori friulani, che coinvolge attivamente Istituzioni e cittadinanza, e apre a un confronto diretto. L\u2019iniziativa ha un valore aggiunto alla luce delle rare occasioni espositive di Caminada. Grazie anche alla collaborazione di diversi portatori di interesse, si auspica che l\u2019evento possa costituire un\u2019opportunit\u00e0 di riflessione e arricchimento comune e condiviso, alla luce dei molteplici temi posti all\u2019attenzione della collettivit\u00e0 oltre che di professionisti e appassionati\u00bb.<\/p>\n","protected":false},"excerpt":{"rendered":"<p>A Udine una mostra-percorso sulla rigenerazione dei territori montani con plastici, disegni, foto e video<\/p>\n","protected":false},"author":28,"featured_media":69143,"comment_status":"closed","ping_status":"closed","template":"","tags":[1669,261,826,60,101],"mec_category":[],"class_list":["post-69142","mec-events","type-mec-events","status-publish","has-post-thumbnail","hentry","tag-architettura","tag-eventi","tag-eventi-fvg","tag-mostre","tag-udine"],"_links":{"self":[{"href":"https:\/\/imagazine.it\/home_desk\/wp-json\/wp\/v2\/mec-events\/69142","targetHints":{"allow":["GET"]}}],"collection":[{"href":"https:\/\/imagazine.it\/home_desk\/wp-json\/wp\/v2\/mec-events"}],"about":[{"href":"https:\/\/imagazine.it\/home_desk\/wp-json\/wp\/v2\/types\/mec-events"}],"author":[{"embeddable":true,"href":"https:\/\/imagazine.it\/home_desk\/wp-json\/wp\/v2\/users\/28"}],"replies":[{"embeddable":true,"href":"https:\/\/imagazine.it\/home_desk\/wp-json\/wp\/v2\/comments?post=69142"}],"wp:featuredmedia":[{"embeddable":true,"href":"https:\/\/imagazine.it\/home_desk\/wp-json\/wp\/v2\/media\/69143"}],"wp:attachment":[{"href":"https:\/\/imagazine.it\/home_desk\/wp-json\/wp\/v2\/media?parent=69142"}],"wp:term":[{"taxonomy":"post_tag","embeddable":true,"href":"https:\/\/imagazine.it\/home_desk\/wp-json\/wp\/v2\/tags?post=69142"},{"taxonomy":"mec_category","embeddable":true,"href":"https:\/\/imagazine.it\/home_desk\/wp-json\/wp\/v2\/mec_category?post=69142"}],"curies":[{"name":"wp","href":"https:\/\/api.w.org\/{rel}","templated":true}]}}