{"id":68984,"date":"2025-10-23T16:31:21","date_gmt":"2025-10-23T14:31:21","guid":{"rendered":"https:\/\/imagazine.it\/home_desk\/?post_type=mec-events&#038;p=68984"},"modified":"2025-10-23T16:31:21","modified_gmt":"2025-10-23T14:31:21","slug":"leredita-della-vita","status":"publish","type":"mec-events","link":"https:\/\/imagazine.it\/home_desk\/events\/leredita-della-vita\/","title":{"rendered":"L&#8217;eredit\u00e0 della vita"},"content":{"rendered":"<p>Rester\u00e0 aperta <strong>fino a domenica 2 novembre<\/strong> la mostra &#8220;<em>L\u2019eredit\u00e0 della vita. Il clima \u00e8 una scelta: salviamo il futuro<\/em>&#8220;, allestita nella Sala Tullio Crali, in via Diaz 6.<\/p>\n<p>L&#8217;esposizione rientra in \u201c<em>Cambio io, cambia il mondo<\/em>\u201d, progetto sulla crisi climatica promosso dalla Fondazione Be The Hope, nel quadro degli Obiettivi di Sviluppo Sostenibile dell&#8217;Agenda 2030 delle Nazioni Unite, con il sostegno dei fondi dell\u20198&#215;1000 dell\u2019Istituto Buddista Italiano Soka Gakkai.<\/p>\n<p>Pu\u00f2 essere visitata da luned\u00ec a venerd\u00ec dalle 10 alle 13 e dalle 15 alle 18, sabato e domenica dalle 10 alle 18, con <strong>ingresso libero<\/strong>.<\/p>\n<p>L&#8217;iniziativa \u00e8 l&#8217;anteprima del Festival del dialogo interreligioso \u201cTerre di pace\u201d, messo a punto con il coordinamento e il supporto organizzativo e finanziario del Comune, grazie alla collaborazione tra cinque delle maggiori organizzazioni religiose del territorio, ovvero cristiano-cattolica, musulmana, ebraica, buddista e cristiano-metodista, accomunate dalla volont\u00e0 di ritrovarsi intorno a un tavolo per condividere un cammino in cui il rispetto per la diversit\u00e0 dell\u2019altro diventa valore da promuovere e difendere.<\/p>\n<p>Tante le scuole che hanno gi\u00e0 prenotato la visita alla mostra \u201cL\u2019eredit\u00e0 della vita\u201d, tra cui la media Ascoli, presente gi\u00e0 all\u2019inaugurazione.<\/p>\n<p>Nell\u2019occasione l\u2019assessore comunale a GO! 2025, <strong>Patrizia Artico<\/strong>, ha sottolineato lo spirito che anima il Festival: \u201cQuesto \u00e8 un grande momento: vedere i rappresentanti delle maggiori religioni che in questi mesi si sono seduti intorno a un tavolo essere presenti insieme anche alla prima tappa del Festival interreligioso mi emoziona e mi dimostra che stiamo andando nella giusta direzione. Come ho gi\u00e0 avuto modo di dire, il dialogo \u00e8 l\u2019unica arma in grado di disarmare le contrapposizioni e le guerre\u201d.<\/p>\n<p><strong>Roberto Bonora<\/strong>, di Soka Gakkai \u2013 Istituto Buddista Italiano, ha spiegato le finalit\u00e0 della mostra: \u201cL\u2019intento \u00e8\u00a0invitare a riflettere e agire per costruire un futuro basato sul rispetto della dignit\u00e0 della vita. Come affermato dal Maestro buddista Daisaku Ikeda: \u201cCreando uno spazio\u00a0di\u00a0amicizia e fiducia sempre pi\u00f9 ampio gettiamo le basi\u00a0di\u00a0una cultura\u00a0di\u00a0pace nelle nostre comunit\u00e0\u201d\u201d.<\/p>\n<p>\u201c<em>Terre di pace<\/em>\u201d\u00a0prender\u00e0 il via mercoled\u00ec 29 ottobre, con l\u2019apertura affidata a <strong>Paolo Mieli<\/strong>, che alle 20.30 all\u2019Auditorium della Cultura friulana\u00a0di\u00a0via Roma 23 parler\u00e0\u00a0di\u00a0\u201cIl ruolo delle religioni nelle guerre\u00a0di\u00a0ieri e oggi\u201d, in dialogo con <strong>Fabrizio Brancoli<\/strong>, vicedirettore del gruppo editoriale Nem con delega a Il Piccolo.<\/p>\n<p>Per il programma completo del Festival, che proseguir\u00e0 fino a domenica 2 novembre con incontri, spettacoli e momenti di riflessione, consultare il link\u00a0<span style=\"text-decoration: underline;\"><a href=\"https:\/\/l.facebook.com\/l.php?u=https%3A%2F%2Fisig.it%2Ftdp%2F%3Ffbclid%3DIwZXh0bgNhZW0CMTAAYnJpZBExWmphRVVzMUFpNk9LdGJaMQEeqqqvDgrAGA6onJBr5KjEI7tOr66zzTgzFo-TlGnHzQQCc38gPTfmteMr8ls_aem_gXnyRmqe1X-WW70jBrpARQ&amp;h=AT3ZssNMyZbxVzw3wMVv8k-yxV2LOHHVYOazSXfRGxe7e1cPattyct0Hf5tDn5rcY3g3J8tC-_z7G14ZkxCAIzs8ArqImcnLjNKYCR4gfa1k_JbpD0pOWLPXPryU69HmIpcW_vIMBbcsW5bq&amp;__tn__=-UK-R&amp;c%5b0%5d=AT2uPbmiWKP6Nf8m8cs2sNalFfI7RmmtA61STb-M5xYh5u_l8ottMTfzdTwOYTa8hE7u3sTnvfD5kFyb7r91dyqo2Zn1sFgqzBNHk0zE_MXYm-oKTrnfeD1i8aMoHNn6jMdfstWwZMAFPiA2tYesXagZ3S8jYlNjO5uiQUWBNA\" target=\"_blank\" rel=\"noopener\">https:\/\/isig.it\/tdp\/<\/a><\/span><\/p>\n","protected":false},"excerpt":{"rendered":"<p>Inaugurata la mostra a Gorizia. &#8220;Il clima \u00e8 una scelta: salviamo il futuro&#8221;: primo atto del Festival Interreligioso<\/p>\n","protected":false},"author":28,"featured_media":68985,"comment_status":"closed","ping_status":"closed","template":"","tags":[261,826,43,60],"mec_category":[59],"class_list":["post-68984","mec-events","type-mec-events","status-publish","has-post-thumbnail","hentry","tag-eventi","tag-eventi-fvg","tag-gorizia","tag-mostre","mec_category-meeting"],"_links":{"self":[{"href":"https:\/\/imagazine.it\/home_desk\/wp-json\/wp\/v2\/mec-events\/68984","targetHints":{"allow":["GET"]}}],"collection":[{"href":"https:\/\/imagazine.it\/home_desk\/wp-json\/wp\/v2\/mec-events"}],"about":[{"href":"https:\/\/imagazine.it\/home_desk\/wp-json\/wp\/v2\/types\/mec-events"}],"author":[{"embeddable":true,"href":"https:\/\/imagazine.it\/home_desk\/wp-json\/wp\/v2\/users\/28"}],"replies":[{"embeddable":true,"href":"https:\/\/imagazine.it\/home_desk\/wp-json\/wp\/v2\/comments?post=68984"}],"wp:featuredmedia":[{"embeddable":true,"href":"https:\/\/imagazine.it\/home_desk\/wp-json\/wp\/v2\/media\/68985"}],"wp:attachment":[{"href":"https:\/\/imagazine.it\/home_desk\/wp-json\/wp\/v2\/media?parent=68984"}],"wp:term":[{"taxonomy":"post_tag","embeddable":true,"href":"https:\/\/imagazine.it\/home_desk\/wp-json\/wp\/v2\/tags?post=68984"},{"taxonomy":"mec_category","embeddable":true,"href":"https:\/\/imagazine.it\/home_desk\/wp-json\/wp\/v2\/mec_category?post=68984"}],"curies":[{"name":"wp","href":"https:\/\/api.w.org\/{rel}","templated":true}]}}