{"id":68700,"date":"2025-10-14T11:50:15","date_gmt":"2025-10-14T09:50:15","guid":{"rendered":"https:\/\/imagazine.it\/home_desk\/?post_type=mec-events&#038;p=68700"},"modified":"2025-10-14T11:55:05","modified_gmt":"2025-10-14T09:55:05","slug":"leredita-della-vita-il-clima-e-una-scelta-salviamo-il-futuro","status":"publish","type":"mec-events","link":"https:\/\/imagazine.it\/home_desk\/events\/leredita-della-vita-il-clima-e-una-scelta-salviamo-il-futuro\/","title":{"rendered":"L\u2019eredit\u00e0 della vita \u2013 Il clima \u00e8 una scelta, salviamo il futuro"},"content":{"rendered":"<p>Arriva a Gorizia dal 23 ottobre al 2 novembre la mostra \u201c<strong><em>L\u2019eredit\u00e0 della vita \u2013 Il clima \u00e8 una scelta, salviamo il futuro<\/em><\/strong>\u201d, realizzata nell\u2019ambito del progetto \u201cCambio io, cambia il mondo: pensare globalmente, cambiare interiormente, agire localmente\u201d.<\/p>\n<p>L\u2019esposizione \u00e8 una iniziativa della <strong>Fondazione Be the Hope<\/strong> ed \u00e8 realizzata con i fondi <strong>dell&#8217;8&#215;1000 dell&#8217;Istituto Buddista Italiano Soka Gakkai<\/strong>.<\/p>\n<p>L\u2019evento, con il patrocinio del Comune di Gorizia, \u00e8 dedicato alla crisi climatica e alle azioni che ognuno pu\u00f2 fare per affrontarla con speranza e ottimismo.<\/p>\n<p>La mostra \u00e8 parte integrante del festival interreligioso \u201cTerre di pace\u201d, evento che fa parte di Go!2025, Nova Gorica &#8211; Gorizia European Capital of Culture.<\/p>\n<p>L\u2019inaugurazione si svolge gioved\u00ec 23 ottobre alle ore 11 presso la <strong>Sala Tullio Crali<\/strong>, via Armando Diaz 6, Gorizia.<\/p>\n<p>L\u2019ingresso \u00e8 libero.\u00a0Orari di apertura al pubblico: <strong>da luned\u00ec a venerd\u00ec 10-13 <\/strong>e<strong> 15-18; sabato e domenica 10-18.<\/strong><\/p>\n<p>Aumentare la consapevolezza sui cambiamenti climatici e incoraggiare ad agire in prima persona: questo il cuore della mostra \u201c<em>L\u2019eredit\u00e0 della vita<\/em>\u201d.<\/p>\n<p>La mostra si articola in <strong>diciotto pannelli<\/strong>. Si parte dal comprendere che la crisi climatica \u00e8 determinata dalle attivit\u00e0 umane e, in particolare, dall\u2019uso di combustibili fossili (carbone, petrolio e gas) che portano a un aumento dei gas serra. Sono poi illustrati i settori chiave per azzerare le emissioni di gas serra: energia, citt\u00e0, sistemi di produzione e consumo, alberi e sicurezza alimentare.<\/p>\n<p>Serve quindi un <strong>cambiamento complessivo<\/strong>, un nuovo modello di sviluppo che metta al centro il rispetto dei diritti umani. A ognuno e ognuna di noi il compito di essere agenti del cambiamento, protagonisti in prima persona con le nostre azioni concrete, l\u00ec dove siamo. Ogni azione conta, ognuno pu\u00f2 fare la differenza. Fermare la crisi climatica \u00e8 urgente ed \u00e8 nelle nostre mani.<\/p>\n","protected":false},"excerpt":{"rendered":"<p>A Gorizia una mostra dedicata ai cambiamenti climatici. Parte integrante del festival interreligioso \u201cTerre di pace\u201d<\/p>\n","protected":false},"author":28,"featured_media":68701,"comment_status":"closed","ping_status":"closed","template":"","tags":[66,261,826,43,60,72],"mec_category":[59],"class_list":["post-68700","mec-events","type-mec-events","status-publish","has-post-thumbnail","hentry","tag-ambiente","tag-eventi","tag-eventi-fvg","tag-gorizia","tag-mostre","tag-natura","mec_category-meeting"],"_links":{"self":[{"href":"https:\/\/imagazine.it\/home_desk\/wp-json\/wp\/v2\/mec-events\/68700","targetHints":{"allow":["GET"]}}],"collection":[{"href":"https:\/\/imagazine.it\/home_desk\/wp-json\/wp\/v2\/mec-events"}],"about":[{"href":"https:\/\/imagazine.it\/home_desk\/wp-json\/wp\/v2\/types\/mec-events"}],"author":[{"embeddable":true,"href":"https:\/\/imagazine.it\/home_desk\/wp-json\/wp\/v2\/users\/28"}],"replies":[{"embeddable":true,"href":"https:\/\/imagazine.it\/home_desk\/wp-json\/wp\/v2\/comments?post=68700"}],"wp:featuredmedia":[{"embeddable":true,"href":"https:\/\/imagazine.it\/home_desk\/wp-json\/wp\/v2\/media\/68701"}],"wp:attachment":[{"href":"https:\/\/imagazine.it\/home_desk\/wp-json\/wp\/v2\/media?parent=68700"}],"wp:term":[{"taxonomy":"post_tag","embeddable":true,"href":"https:\/\/imagazine.it\/home_desk\/wp-json\/wp\/v2\/tags?post=68700"},{"taxonomy":"mec_category","embeddable":true,"href":"https:\/\/imagazine.it\/home_desk\/wp-json\/wp\/v2\/mec_category?post=68700"}],"curies":[{"name":"wp","href":"https:\/\/api.w.org\/{rel}","templated":true}]}}