{"id":66775,"date":"2025-07-10T18:28:44","date_gmt":"2025-07-10T16:28:44","guid":{"rendered":"https:\/\/imagazine.it\/home_desk\/?post_type=mec-events&#038;p=66775"},"modified":"2025-07-10T18:36:12","modified_gmt":"2025-07-10T16:36:12","slug":"aquileia-celebra-50-anni-di-pimpa","status":"publish","type":"mec-events","link":"https:\/\/imagazine.it\/home_desk\/events\/aquileia-celebra-50-anni-di-pimpa\/","title":{"rendered":"Aquileia celebra 50 anni di Pimpa"},"content":{"rendered":"<p><span style=\"font-size: 10pt;\"><em>L&#8217;immagine dell&#8217;evento realizzata da Altan<\/em><\/span><\/p>\n<p>Era il 13 luglio del 1975 quando Altan pubblic\u00f2 sul Corriere dei Piccoli la prima storia di Pimpa, <em>Pimpa e la luna<\/em>, in cui la futura icona della letteratura per l\u2019infanzia parla con la luna invece di andare a dormire.<\/p>\n<p>\u201c<em>Buon compleanno Pimpa!<\/em>\u201d, la mostra celebrativa i 50 anni della celebre <span style=\"text-decoration: underline;\"><a href=\"https:\/\/imagazine.it\/home_desk\/il-papa-della-pimpa\/\">cagnolina a pois rossi inventata da <strong>Altan<\/strong><\/a><\/span> arriva ad <strong>Aquileia<\/strong>, la citt\u00e0 di Altan, dove rester\u00e0 \u2013 in forma diffusa negli spazi della scuola primaria di primo grado Alessandro Manzoni, della biblioteca civica e dell\u2019area coperta del parco giochi \u2013 <strong>dal 13 luglio al 13 settembre<\/strong>.<\/p>\n<p>La mostra \u00e8 prodotta da <strong>Franco Cosimo Panini Editore<\/strong> e dal <strong>Comune di Aquileia<\/strong>, a cura dell\u2019Editore in collaborazione con Hamelin Associazione Culturale, Anna Ferri, Kika Tullio-Altan e Quipos.<\/p>\n<p>L\u2019esposizione, realizzata dal Comune di Aquileia, propone un viaggio nel colorato e affascinante mondo di Pimpa, attraverso tavole originali, illustrazioni e materiali interattivi pensati per coinvolgere grandi e piccini.<\/p>\n<p>Un\u2019esperienza che unisce arte, narrazione e divertimento, celebrando la fantasia e la creativit\u00e0 che hanno fatto della Pimpa l\u2019icona della cultura per l\u2019infanzia italiana.<\/p>\n<p>Sar\u00e0 una grande festa per i piccoli lettori e le piccole lettrici, veri protagonisti dell\u2019esposizione, che avranno la possibilit\u00e0 di entrare nella casa di Pimpa dove potranno giocare, leggere i suoi libri e guardare i suoi cartoni animati.<\/p>\n<p>Grazie a isole interattive e luminose si potranno ammirare, inoltre, i disegni originali di Altan.<\/p>\n<p>La mostra offre l\u2019occasione di riscoprire alcune delle storie pi\u00f9 belle della cagnolina a pois, attraverso una serie di pannelli che presentano il personaggio, i suoi amici e il fumetto: un viaggio alla scoperta del suo linguaggio e del suo potere narrativo, per apprezzarne l\u2019unicit\u00e0 e per capire come riesce, con spontaneit\u00e0 e allegria, a coinvolgere da sempre i bambini.<\/p>\n<p>Sar\u00e0 un\u2019esperienza che coinvolger\u00e0 anche gli adulti, gli stessi che con Pimpa sono cresciuti e che vivranno un emozionante viaggio nella loro infanzia, attraverso un\u2019insolita linea del tempo dedicata all\u2019intrattenimento per ragazzi, in ambito editoriale e televisivo, dagli anni \u201970 a oggi, in Italia.<\/p>\n<p>Ad arricchire il percorso espositivo, la sezione \u201c<em>Pimpa off<\/em>\u201d che tratta l\u2019evoluzione del personaggio come icona della GenZ e simbolo di libert\u00e0 e inclusivit\u00e0.<\/p>\n<p>La mostra continuer\u00e0 poi il suo viaggio e, dall\u2019ultima settimana di ottobre, si sposter\u00e0 a Udine dove rester\u00e0 fino all\u20198 dicembre.<\/p>\n<p>\u201cIl compleanno della Pimpa \u2013 afferma il sindaco di Aquileia, <strong>Emanuele Zorino<\/strong> \u2013 \u00e8 un giorno simbolico, che unisce passato e futuro, ricordando il coraggio di sognare di quella cagnolina a <em>pois<\/em> che parla alla luna, invitando i bambini a guardare il mondo con occhi curiosi. Abbiamo scelto di installare questa mostra nelle scuole primarie Alessandro Manzoni, nella biblioteca civica e nel parco giochi per rendere omaggio a Francesco Tullio-Altan, nostro illustre concittadino e per ribadire un principio fondamentale: la cultura e la fantasia devono vivere dove nasce il futuro, tra i banchi dei nostri ragazzi\u201d.<\/p>\n<p>\u201cQuesta mostra \u2013 aggiunge l\u2019assessore agli eventi, <strong>Sofia Bramuzzo<\/strong> \u2013 \u00e8 una festa della fantasia e della tenerezza, che parla ai bambini di oggi come ha parlato a quelli di ieri\u201d.<\/p>\n<p>Orari di apertura della mostra: luned\u00ec, gioved\u00ec, venerd\u00ec 15-19, sabato 10-13, domenica 10-13. Ingresso gratuito.<\/p>\n","protected":false},"excerpt":{"rendered":"<p>Nel giorno della sua prima pubblicazione nel 1975, la citt\u00e0 dell&#8217;ideatore Francesco Tullio Altan inaugura una mostra diffusa<\/p>\n","protected":false},"author":28,"featured_media":66776,"comment_status":"closed","ping_status":"closed","template":"","tags":[349,261,826,60,816],"mec_category":[59],"class_list":["post-66775","mec-events","type-mec-events","status-publish","has-post-thumbnail","hentry","tag-aquileia","tag-eventi","tag-eventi-fvg","tag-mostre","tag-pimpa","mec_category-meeting"],"_links":{"self":[{"href":"https:\/\/imagazine.it\/home_desk\/wp-json\/wp\/v2\/mec-events\/66775","targetHints":{"allow":["GET"]}}],"collection":[{"href":"https:\/\/imagazine.it\/home_desk\/wp-json\/wp\/v2\/mec-events"}],"about":[{"href":"https:\/\/imagazine.it\/home_desk\/wp-json\/wp\/v2\/types\/mec-events"}],"author":[{"embeddable":true,"href":"https:\/\/imagazine.it\/home_desk\/wp-json\/wp\/v2\/users\/28"}],"replies":[{"embeddable":true,"href":"https:\/\/imagazine.it\/home_desk\/wp-json\/wp\/v2\/comments?post=66775"}],"wp:featuredmedia":[{"embeddable":true,"href":"https:\/\/imagazine.it\/home_desk\/wp-json\/wp\/v2\/media\/66776"}],"wp:attachment":[{"href":"https:\/\/imagazine.it\/home_desk\/wp-json\/wp\/v2\/media?parent=66775"}],"wp:term":[{"taxonomy":"post_tag","embeddable":true,"href":"https:\/\/imagazine.it\/home_desk\/wp-json\/wp\/v2\/tags?post=66775"},{"taxonomy":"mec_category","embeddable":true,"href":"https:\/\/imagazine.it\/home_desk\/wp-json\/wp\/v2\/mec_category?post=66775"}],"curies":[{"name":"wp","href":"https:\/\/api.w.org\/{rel}","templated":true}]}}