{"id":66771,"date":"2025-07-10T16:34:16","date_gmt":"2025-07-10T14:34:16","guid":{"rendered":"https:\/\/imagazine.it\/home_desk\/?post_type=mec-events&#038;p=66771"},"modified":"2025-07-10T16:35:50","modified_gmt":"2025-07-10T14:35:50","slug":"le-opere-di-ivan-theimer-in-mostra-a-cividale","status":"publish","type":"mec-events","link":"https:\/\/imagazine.it\/home_desk\/events\/le-opere-di-ivan-theimer-in-mostra-a-cividale\/","title":{"rendered":"Le opere di Ivan Theimer in mostra a Cividale"},"content":{"rendered":"<p><span style=\"font-size: 10pt;\"><em>Ivan Theimer, Ercole (ph. Elisabetta Gottardo)<\/em><\/span><\/p>\n<p>A<strong> Cividale del Friuli <\/strong>le opere del celebre artista francese<strong> Ivan Theimer<\/strong>.<\/p>\n<p>Si tratta di \u201c<strong><em>Da Valicate Frontiere<\/em><\/strong>\u201d, la <strong>grande mostra<\/strong> annuale organizzata dall\u2019Assessorato alla Cultura del Comune di Cividale del Friuli col contributo della Regione FVG, la cui inaugurazione avverr\u00e0 sabato 12 luglio alle ore 19 all\u2019interno del Monastero di Santa Maria in Valle.<\/p>\n<p>Alcune opere sono gi\u00e0 visibili in citt\u00e0 da qualche giorno, collocate nelle piazze: in Largo Boiani stanno spopolando <strong>due enormi tartarughe<\/strong> in bronzo che affiancano la statua di Giulio Cesare, fondatore della citt\u00e0, e che sembrano contrapporre alla sua ambiziosa seriet\u00e0 il proprio sereno atteggiamento.<\/p>\n<p>In Piazza Paolo Diacono <strong>un altissimo Ercole regge il peso di un obelisco<\/strong> con la disinvoltura di un eroe. In Foro Giulio Cesare \u201c<strong><em>Ercole con bimbo e scimmia<\/em><\/strong>\u201d si colloca a ridosso del monumento a Adelaide Ristori: la grande attrice pare soppesare con lo sguardo l\u2019aitante eroe che le ruba il proscenio, sicuro di s\u00e9.<\/p>\n<p>Oltre a queste opere visibili in citt\u00e0, la mostra avr\u00e0 una ricca sezione di sculture e di acquerelli nel Monastero di Santa Maria in Valle.<\/p>\n<p>\u201cI lavori del maestro \u2013 spiega l\u2019assessore comunale alla cultura, <strong>Angela Zappulla <\/strong>\u2013 hanno un fascino e una bellezza antichi, la stessa bellezza antica che Theimer ha trovato nella nostra citt\u00e0. L\u2019esposizione cividalese racconta di frontiere, di confini e di persone tramite opere che sono state gi\u00e0 presenti nelle piazze di citt\u00e0 europee e, in Italia, toscane\u201d.<\/p>\n<p>\u201cRingrazio moltissimo \u2013 conclude Zappulla \u2013 sia il Maestro Theimer che la moglie Olga Spanio che hanno colto con entusiasmo il nostro invito e hanno messo a disposizione di Cividale del Friuli le loro opere\u201d.<\/p>\n<p>Ivan Theimer \u00e8 nato nel 1944 a Olomouc, nella Repubblica Ceca; dal 1963 al 1965 ha frequentato l\u2019Accademia di belle arti di Uhersk\u00e9 Hradi\u0161t\u011b, ma dopo l\u2019occupazione sovietica della Cecoslovacchia, nel 1968, \u00e8 emigrato a Parigi, proseguendo gli studi all\u2019\u00c9cole nationale sup\u00e9rieure des beaux-arts, dal 1968 al 1971.<\/p>\n<p>Dagli anni Ottanta i viaggi di studio e poi di lavoro lo hanno portato sempre pi\u00f9 in Italia dove ha approfondito le sue conoscenze tecniche in ambito scultoreo prima nelle fonderie di Verona e poi di Pietrasanta, citt\u00e0 in cui trova una cerchia di artigiani di grande livello con cui tuttora collabora.<\/p>\n<p>Da allora le mostre personali e collettive si sono susseguite in tutta Europa, soprattutto in Francia, in Italia, in Svizzera e in Germania.<\/p>\n<p>Vive fra Parigi e Pietrasanta ma viaggia spesso in luoghi lontani dove va a cercare i paesaggi di natura e di cultura che gli piace fissare nelle sue opere.<\/p>\n<p>La mostra sar\u00e0 a Cividale del Friuli <strong>fino al 12 novembre<\/strong>.<\/p>\n<p>Le opere esposte nel <strong>Monastero di Santa Maria in Valle<\/strong> sono <strong>visitabili ogni giorno<\/strong> con i seguenti orari: da venerd\u00ec a luned\u00ec 10-19; da marted\u00ec a gioved\u00ec 10-13 e 15-19.<\/p>\n<p>Per informazioni: 0432700867 oppure 0432710460.<\/p>\n","protected":false},"excerpt":{"rendered":"<p>Fino a novembre nel Monastero di Santa Maria in Valle sar\u00e0 visitabile tutti i giorni la mostra \u201cDa Valicate Frontiere\u201d<\/p>\n","protected":false},"author":28,"featured_media":66772,"comment_status":"closed","ping_status":"closed","template":"","tags":[170,261,826,60,511],"mec_category":[59],"class_list":["post-66771","mec-events","type-mec-events","status-publish","has-post-thumbnail","hentry","tag-cividale","tag-eventi","tag-eventi-fvg","tag-mostre","tag-scultura","mec_category-meeting"],"_links":{"self":[{"href":"https:\/\/imagazine.it\/home_desk\/wp-json\/wp\/v2\/mec-events\/66771","targetHints":{"allow":["GET"]}}],"collection":[{"href":"https:\/\/imagazine.it\/home_desk\/wp-json\/wp\/v2\/mec-events"}],"about":[{"href":"https:\/\/imagazine.it\/home_desk\/wp-json\/wp\/v2\/types\/mec-events"}],"author":[{"embeddable":true,"href":"https:\/\/imagazine.it\/home_desk\/wp-json\/wp\/v2\/users\/28"}],"replies":[{"embeddable":true,"href":"https:\/\/imagazine.it\/home_desk\/wp-json\/wp\/v2\/comments?post=66771"}],"wp:featuredmedia":[{"embeddable":true,"href":"https:\/\/imagazine.it\/home_desk\/wp-json\/wp\/v2\/media\/66772"}],"wp:attachment":[{"href":"https:\/\/imagazine.it\/home_desk\/wp-json\/wp\/v2\/media?parent=66771"}],"wp:term":[{"taxonomy":"post_tag","embeddable":true,"href":"https:\/\/imagazine.it\/home_desk\/wp-json\/wp\/v2\/tags?post=66771"},{"taxonomy":"mec_category","embeddable":true,"href":"https:\/\/imagazine.it\/home_desk\/wp-json\/wp\/v2\/mec_category?post=66771"}],"curies":[{"name":"wp","href":"https:\/\/api.w.org\/{rel}","templated":true}]}}