{"id":65325,"date":"2025-05-19T15:31:04","date_gmt":"2025-05-19T13:31:04","guid":{"rendered":"https:\/\/imagazine.it\/home_desk\/?post_type=mec-events&#038;p=65325"},"modified":"2025-05-19T15:31:04","modified_gmt":"2025-05-19T13:31:04","slug":"roberto-vecchioni-in-concerto-ad-aquileia","status":"publish","type":"mec-events","link":"https:\/\/imagazine.it\/home_desk\/events\/roberto-vecchioni-in-concerto-ad-aquileia\/","title":{"rendered":"Roberto Vecchioni in concerto ad Aquileia"},"content":{"rendered":"<p><span style=\"font-size: 10pt;\"><em>Roberto Vecchioni (ph. Amilcare Incalza)<\/em><\/span><\/p>\n<p style=\"font-weight: 400;\"><strong>Roberto Vecchioni<\/strong> continua il suo viaggio musicale sui palchi italiani con \u201c<em><strong>Tra il silenzio e il tuono tour<\/strong><\/em>\u201d, progetto live che vedr\u00e0 anche una nuova data in Friuli Venezia Giulia e precisamente\u00a0<strong>sabato 6 settembre<\/strong>\u00a02025 ad\u00a0<strong>Aquileia\u00a0<\/strong>(ore 21.00), in <strong>Piazza Patriarcato<\/strong>.<\/p>\n<p style=\"font-weight: 400;\">I\u00a0<strong>biglietti<\/strong>\u00a0per il concerto,\u00a0organizzato da\u00a0<strong>Assoeventi<\/strong>\u00a0e\u00a0<strong>Zenit srl<\/strong>, in collaborazione con<strong>\u00a0Comune di Aquileia<\/strong>,\u00a0<strong>Regione Friuli Venezia Giulia<\/strong>\u00a0e\u00a0<strong>PromoTurismoFVG<\/strong>, sono in vendita sul circuito\u00a0<strong>Ticketone<\/strong>. Tutte le info su\u00a0<span style=\"text-decoration: underline;\"><a href=\"http:\/\/www.assoeventi@eu\/\" data-saferedirecturl=\"https:\/\/www.google.com\/url?q=http:\/\/www.assoeventi@eu&amp;source=gmail&amp;ust=1747746816739000&amp;usg=AOvVaw2a-SvHaOMp-UCEH0mOxI9h\">www.assoeventi@eu<\/a><\/span>\u00a0e\u00a0<span style=\"text-decoration: underline;\"><a href=\"http:\/\/www.azalea.it\/\" data-saferedirecturl=\"https:\/\/www.google.com\/url?q=http:\/\/www.azalea.it&amp;source=gmail&amp;ust=1747746816739000&amp;usg=AOvVaw0CYFlx9I8pzn_WNM70Q5um\" target=\"_blank\" rel=\"noopener\">www.azalea.it<\/a><\/span>.<\/p>\n<p style=\"font-weight: 400;\"><strong>Roberto Vecchioni<\/strong>\u00a0\u00e8 uno dei padri storici della canzone d\u2019autore in Italia. Vive a Milano, dove \u00e8 nato il 25 giugno 1943 da genitori napoletani.<\/p>\n<p style=\"font-weight: 400;\">Laureatosi in lettere antiche presso l\u2019Universit\u00e0 Cattolica di Milano, vi rester\u00e0 ancora per due anni come assistente di \u201cStoria delle religioni\u201d. \u00c8 stato professore di greco e latino per molti anni, attualmente \u00e8 docente presso l\u2019Universit\u00e0 IULM di Milano dove tiene il corso \u201cForme della Contemporaneit\u00e0 dell\u2019Antico\u201d.<\/p>\n<p style=\"font-weight: 400;\">Nella sua lunga carriera ha pubblicato 38 album, da \u201c<strong>Parabola<\/strong>\u201d (1971), che contiene \u201c<strong>Luci a San Siro<\/strong>\u201d, fino a \u201c<strong>L\u2019infinito<\/strong>\u201d (2018).\u00a0 Nonostante la scelta, in controtendenza, di rinunciare alle piattaforme streaming e download per veicolare la sua musica solo attraverso i supporti tradizionali, \u201c<strong>L\u2019Infinito<\/strong>\u201d viene certificato Disco d\u2019Oro.<\/p>\n<p style=\"font-weight: 400;\">\u00c8 l\u2019unico artista ad aver vinto il\u00a0<strong>Premio Tenco<\/strong>\u00a0(1983), il\u00a0<strong>Festivalbar<\/strong>\u00a0(1992, con la canzone \u201c<strong>Voglio una donna<\/strong>\u201d), il\u00a0<strong>Festival di Sanremo<\/strong>\u00a0e il\u00a0<strong>Premio Mia Martini<\/strong>\u00a0della critica (2011, con la canzone \u201c<strong>Chiamami ancora amore<\/strong>\u201d). Prosegue parallelamente la sua carriera letteraria, di cui ricordiamo \u201c<strong>Il mercante di luce<\/strong>\u201d (2015), \u201c<strong>La vita che si ama<\/strong>\u201d (2016) e \u201c<strong>Lezioni di volo e di atterraggio<\/strong>\u201d (2020), pubblicati da Einaudi.<\/p>\n<p style=\"font-weight: 400;\">Il nuovo romanzo \u201c<strong>Tra il silenzio e il tuono<\/strong>\u201d (Einaudi) \u00e8 in libreria dallo scorso febbraio. Vecchioni \u00e8 anche autore di saggi e recensioni letterarie, e collabora con i pi\u00f9 autorevoli giornali nazionali.<\/p>\n<p style=\"font-weight: 400;\">Nonostante gli impegni artistici, sia musicali che editoriali, tra il 2022 ed il 2023 traduce, in collaborazione con la Fondazione INDA (Istituto Nazionale del Dramma Antico), il\u00a0<strong>Prometeo Incatenato<\/strong>\u00a0di Eschilo per l\u2019omonima rappresentazione teatrale che debutta l\u201911 maggio al Teatro Greco di Siracusa con la regia di Leo Muscato.<\/p>\n<p style=\"font-weight: 400;\">Ha partecipato alla 74esima edizione del\u00a0<strong>Festival di Sanremo<\/strong>\u00a0nella serata delle cover in duetto con\u00a0<strong>Alfa<\/strong>\u00a0con il brano &#8220;<strong>Sogna, ragazzo sogna<\/strong>&#8220;. \u00c8 inoltre ospite fisso con una sua rubrica nel programma \u201c<strong>In altre parole<\/strong>\u201d (La7), condotto da Massimo Gramellini.<\/p>\n","protected":false},"excerpt":{"rendered":"<p>Piazza Patriarcato ospiter\u00e0 il tour \u201cTra il silenzio e il tuono&#8221; con i grandi successi del professore della musica italiana<\/p>\n","protected":false},"author":28,"featured_media":65326,"comment_status":"closed","ping_status":"closed","template":"","tags":[349,861,261,826,55],"mec_category":[99],"class_list":["post-65325","mec-events","type-mec-events","status-publish","has-post-thumbnail","hentry","tag-aquileia","tag-concerti","tag-eventi","tag-eventi-fvg","tag-musica","mec_category-music"],"_links":{"self":[{"href":"https:\/\/imagazine.it\/home_desk\/wp-json\/wp\/v2\/mec-events\/65325","targetHints":{"allow":["GET"]}}],"collection":[{"href":"https:\/\/imagazine.it\/home_desk\/wp-json\/wp\/v2\/mec-events"}],"about":[{"href":"https:\/\/imagazine.it\/home_desk\/wp-json\/wp\/v2\/types\/mec-events"}],"author":[{"embeddable":true,"href":"https:\/\/imagazine.it\/home_desk\/wp-json\/wp\/v2\/users\/28"}],"replies":[{"embeddable":true,"href":"https:\/\/imagazine.it\/home_desk\/wp-json\/wp\/v2\/comments?post=65325"}],"wp:featuredmedia":[{"embeddable":true,"href":"https:\/\/imagazine.it\/home_desk\/wp-json\/wp\/v2\/media\/65326"}],"wp:attachment":[{"href":"https:\/\/imagazine.it\/home_desk\/wp-json\/wp\/v2\/media?parent=65325"}],"wp:term":[{"taxonomy":"post_tag","embeddable":true,"href":"https:\/\/imagazine.it\/home_desk\/wp-json\/wp\/v2\/tags?post=65325"},{"taxonomy":"mec_category","embeddable":true,"href":"https:\/\/imagazine.it\/home_desk\/wp-json\/wp\/v2\/mec_category?post=65325"}],"curies":[{"name":"wp","href":"https:\/\/api.w.org\/{rel}","templated":true}]}}