{"id":64236,"date":"2025-04-07T15:57:23","date_gmt":"2025-04-07T13:57:23","guid":{"rendered":"https:\/\/imagazine.it\/home_desk\/?post_type=mec-events&#038;p=64236"},"modified":"2025-04-07T15:57:23","modified_gmt":"2025-04-07T13:57:23","slug":"duecento-musicisti-in-piazza-a-palmanova","status":"publish","type":"mec-events","link":"https:\/\/imagazine.it\/home_desk\/events\/duecento-musicisti-in-piazza-a-palmanova\/","title":{"rendered":"Duecento musicisti in piazza a Palmanova"},"content":{"rendered":"<p style=\"font-weight: 400;\">Due grandi classici della musica di tutti i tempi, in uno spettacolo con 200 musicisti, parte della\u00a0<strong>Ensemble Symphony Orchestra<\/strong>\u00a0<strong>&amp; Choir<\/strong>, sotto la direzione del\u00a0<strong>Maestro Giacomo Loprieno<\/strong>.<\/p>\n<p style=\"font-weight: 400;\">Questo \u00e8 quanto prevede la serata dal titolo\u00a0<em><strong>Bolero &#8211; Carmina Burana<\/strong>,<\/em> in programma\u00a0<strong>domenica 3 agosto<\/strong> in <strong>Piazza Grande<\/strong> a\u00a0<strong>Palmanova<\/strong>, con inizio alle\u00a0<strong>21.30<\/strong>.<\/p>\n<p style=\"font-weight: 400;\">I\u00a0<strong>biglietti<\/strong>\u00a0per il concerto, organizzato da\u00a0<strong>Zenit Srl<\/strong>, in collaborazione con\u00a0<strong>Regione Friuli Venezia Giulia<\/strong>,\u00a0<strong>Citt\u00e0 di Palmanova<\/strong>\u00a0e\u00a0<strong>PromoTurismoFVG<\/strong>,\u00a0e incluso nella rassegna\u00a0<strong>Estate di Stelle<\/strong>, sono in vendita sul circuito\u00a0<strong>Ticketone<\/strong>. Tutte le info e i punti autorizzati su\u00a0<span style=\"text-decoration: underline;\"><a href=\"http:\/\/www.azalea.it\/\" data-saferedirecturl=\"https:\/\/www.google.com\/url?q=http:\/\/www.azalea.it&amp;source=gmail&amp;ust=1744118756135000&amp;usg=AOvVaw1nyjJQqX6tf5NhySvLC-CP\" target=\"_blank\" rel=\"noopener\">www.azalea.it<\/a><\/span>.<\/p>\n<p style=\"font-weight: 400;\"><strong>Ensemble Symphony Orchestra<\/strong>\u00a0\u00e8 una delle orchestre pi\u00f9 conosciute nel panorama artistico nazionale, grazie ai molti progetti cui ha partecipato e agli artisti di fama internazionale con cui ha collaborato.<\/p>\n<p style=\"font-weight: 400;\">L&#8217;orchestra si \u00e8 esibita nei pi\u00f9 importanti teatri italiani ed europei grazie alla versatilit\u00e0 e all&#8217;attenzione che ha per ogni tipo di genere musicale: il suo repertorio spazia dalle arie d&#8217;opera pi\u00f9 conosciute alle colonne sonore di film di fama mondiale.<\/p>\n<p style=\"font-weight: 400;\">Grazie, infatti, al coinvolgimento in molti progetti al fianco di solisti del jazz, del pop e del gospel, Ensemble Symphony Orchestra dimostra una straordinaria conoscenza dei linguaggi e delle strutture diverse da quelle della musica classica, oltre che una notevole esperienza nell\u2019esecuzione live amplificata.<\/p>\n","protected":false},"excerpt":{"rendered":"<p>Due grandi classici della musica di tutti i tempi &#8211; Bolero \/ Carmina Burana &#8211; saranno eseguiti per la direzione di Giacomo Loprieno<\/p>\n","protected":false},"author":28,"featured_media":64237,"comment_status":"closed","ping_status":"closed","template":"","tags":[861,261,826,55,154],"mec_category":[99],"class_list":["post-64236","mec-events","type-mec-events","status-publish","has-post-thumbnail","hentry","tag-concerti","tag-eventi","tag-eventi-fvg","tag-musica","tag-palmanova","mec_category-music"],"_links":{"self":[{"href":"https:\/\/imagazine.it\/home_desk\/wp-json\/wp\/v2\/mec-events\/64236","targetHints":{"allow":["GET"]}}],"collection":[{"href":"https:\/\/imagazine.it\/home_desk\/wp-json\/wp\/v2\/mec-events"}],"about":[{"href":"https:\/\/imagazine.it\/home_desk\/wp-json\/wp\/v2\/types\/mec-events"}],"author":[{"embeddable":true,"href":"https:\/\/imagazine.it\/home_desk\/wp-json\/wp\/v2\/users\/28"}],"replies":[{"embeddable":true,"href":"https:\/\/imagazine.it\/home_desk\/wp-json\/wp\/v2\/comments?post=64236"}],"wp:featuredmedia":[{"embeddable":true,"href":"https:\/\/imagazine.it\/home_desk\/wp-json\/wp\/v2\/media\/64237"}],"wp:attachment":[{"href":"https:\/\/imagazine.it\/home_desk\/wp-json\/wp\/v2\/media?parent=64236"}],"wp:term":[{"taxonomy":"post_tag","embeddable":true,"href":"https:\/\/imagazine.it\/home_desk\/wp-json\/wp\/v2\/tags?post=64236"},{"taxonomy":"mec_category","embeddable":true,"href":"https:\/\/imagazine.it\/home_desk\/wp-json\/wp\/v2\/mec_category?post=64236"}],"curies":[{"name":"wp","href":"https:\/\/api.w.org\/{rel}","templated":true}]}}