{"id":63645,"date":"2025-03-17T12:04:29","date_gmt":"2025-03-17T11:04:29","guid":{"rendered":"https:\/\/imagazine.it\/home_desk\/?post_type=mec-events&#038;p=63645"},"modified":"2025-03-17T12:04:29","modified_gmt":"2025-03-17T11:04:29","slug":"guerra-fredda-storici-da-tutto-il-mondo-a-gorizia","status":"publish","type":"mec-events","link":"https:\/\/imagazine.it\/home_desk\/events\/guerra-fredda-storici-da-tutto-il-mondo-a-gorizia\/","title":{"rendered":"Guerra Fredda: storici da tutto il mondo a Gorizia"},"content":{"rendered":"<p>\u201c<em>Citt\u00e0 divise e citt\u00e0 contese negli anni della Guerra fredda<\/em>\u201d \u00e8 il tema della 3\u00aa edizione del <strong>Forum internazionale<\/strong> in programma da gioved\u00ec 20 a sabato 22 marzo a <strong>Gorizia<\/strong>.<\/p>\n<p>Un\u2019iniziativa dell\u2019<strong>Universit\u00e0 degli Studi di Udine con l\u2019Universit\u00e0 di Harvard \u2013 Cold War Studies Project,<\/strong>\u00a0a cura dell\u2019<strong>Associazione Friuli Storia,<\/strong>\u00a0per la direzione scientifica dello storico\u00a0<strong>Tommaso Piffer<\/strong>.<\/p>\n<p>La tre giorni 2025 affronter\u00e0 un tema direttamente collegato all\u2019anno della Capitale europea della Cultura che riunisce in questi mesi le citt\u00e0 di Gorizia e Nova Gorica, storicamente separate dalla Cortina di ferro.<\/p>\n<p>Sono<strong> 40 le grandi voci internazionali <\/strong>in arrivo a Gorizia, storici e analisti di tutto il mondo, che porranno per la prima volta a confronto la storia delle molte citt\u00e0 che furono divise o contese durante la Guerra fredda, in Europa e sul pianeta.<\/p>\n<p>\u00abAlcune di questa citt\u00e0 \u2013\u00a0spiega il direttore scientifico del Forum, <strong>Tommaso Piffer<\/strong>\u00a0\u2013 si trovavano sulla linea della Cortina di ferro, come Berlino, Gorizia-Nova Goriza, Trieste, M\u00f6dlareuth.\u00a0Ed \u00e8 proprio attraverso la storia delle citt\u00e0 divise che si misura l\u2019impatto spesso profondo della Guerra Fredda sulle comunit\u00e0, in particolare nelle zone di frontiera\u00bb.<\/p>\n<p>A inaugurare il Forum sar\u00e0 un evento pubblico speciale, la lezione magistrale dello storico <strong>David Reynolds<\/strong>, dell\u2019Universit\u00e0 di Cambridge, su \u201c<em>Il mondo diviso della Guerra fredda<\/em>\u201d, in programma nella sede di Gorizia dell\u2019Universit\u00e0 di Udine, in via Santa Chiara, gioved\u00ec 20 marzo alle 18, aperto al pubblico e con traduzione simultanea in italiano.<\/p>\n<p><strong>Otto sessioni in tre giorn<\/strong>i scandiranno poi il Forum 2025 a Gorizia, per analizzare le sfaccettature legate alle \u201ccitt\u00e0 divise e contese\u201d.<\/p>\n<p><strong>20 marzo 2025 (gioved\u00ec)<\/strong><\/p>\n<p>Campus universitario di Gorizia, via Santa Chiara 1, Gorizia<\/p>\n<p>Lezione inaugurale:\u00a0David Reynolds,\u00a0<em>Il mondo diviso della Guerra fredda<\/em>\u00a018:00-19:30<\/p>\n<p><strong>21 marzo 2024 (venerd\u00ec)<\/strong><\/p>\n<p>Fondazione CARIGO, Via Giosu\u00e8 Carducci 2, Gorizia<\/p>\n<p><strong>Panel 1 \u2013 Berlino divisa, Germania divisa (parte 1) 9:45 \u2013 11:15<\/strong><\/p>\n<p>Presiede Christian Ostermann<\/p>\n<p>Jeffrey Jurgens, Improvvisazione regolata: governo dei rifugiati a Berlino, 1949-1961<\/p>\n<p>Paul Steege, Un incidente esplosivo: attraversamento del confine e Guerra fredda a Berlino, 1982<\/p>\n<p>Ryan Singsank, Prepararsi alla prossima crisi: le lotte e le strategie delle potenze occidentali per difendere Berlino Ovest, 1962-1971<\/p>\n<p>Emily Needham, Mettere in scena il Muro di Berlino nel mondo in fase di decolonizzazione: gli sforzi della Germania Est e Ovest per globalizzare la crisi di Berlino nei primi anni &#8217;60<\/p>\n<p><strong>Panel 2 \u2013 Berlino divisa, Germania divisa (parte 2) 11:15 \u2013 12:30<\/strong><\/p>\n<p>Presiede Tommaso Piffer<\/p>\n<p>Thomas Maulucci, Berlino divisa nel documentario della Germania Est, 1949-1990<\/p>\n<p>Stefanie Woodard, Correre nella storia: la maratona di Berlino e una citt\u00e0 divisa<\/p>\n<p>Colleen Anderson, Cieli indivisi: voli spaziali nella Berlino divisa<\/p>\n<p><strong>Panel 3\u00a0\u2013 Trieste e Gorizia 14:00 \u2013 15:30<\/strong><\/p>\n<p>Presiede Tommaso Piffer<\/p>\n<p>Silvo Devetak, La genesi dell\u2019insediamento di Trieste<\/p>\n<p>Piero Zin, Gorizia e Nova Gorica nella Guerra Fredda<\/p>\n<p>James G. Hershberg, Gli Stati Uniti e la crisi di Trieste<\/p>\n<p>Francesca Zilio, Il dibattito sul Territorio Libero di Trieste alla Conferenza sulla Sicurezza e la Cooperazione in Europa<\/p>\n<p><strong>Panel 4 \u2013 Vienna e il confine austriaco 15:45 \u2013 17:15<\/strong><\/p>\n<p>Presiede Mark Kramer<\/p>\n<p>Simon Graham, I quattro nella jeep: contatto, compromesso e confronto nella Vienna occupata, 1945-55<\/p>\n<p>Richard Cummings, Spionaggio della CIA nella Guerra Fredda nella Vienna occupata<\/p>\n<p>Peter Ruggenthaler \u2013 Vienna nell&#8217;Austria neutrale dopo il 1955<\/p>\n<p>Alexandre Kostov, Bulgari nella Vienna divisa (1945-1955)<\/p>\n<p><strong>22 marzo 2024 (sabato)<\/strong><\/p>\n<p>Fondazione CARIGO, Via Giosu\u00e8 Carducci 2, Gorizia<\/p>\n<p><strong>Panel 5 \u2013 Citt\u00e0 di confine divise nell&#8217;Europa comunista (Parte 1) 9:30 \u2013 11:00<\/strong><\/p>\n<p>Presiede Pawe\u0142 Machcewicz<\/p>\n<p>Claudia Weber, Diventare la citt\u00e0 del &#8220;confine di pace&#8221;: Francoforte sull&#8217;Oder all&#8217;inizio della Guerra fredda<\/p>\n<p>Mark Kramer (per Peter Bugge), Fronte freddo al confine fraterno? Cieszyn\/\u010cesk\u00fd T\u011b\u0161\u00edn durante la Guerra fredda<\/p>\n<p>Jakub \u0160louf, Pilsen\/Plze\u0148 del dopoguerra e la sua cultura di protesta filoamericana<\/p>\n<p>Jaros\u0142aw Ja\u0144czak, Simbolismo dello spazio pubblico nelle citt\u00e0 divise della Guerra fredda. Spazi di confine e narrazioni a Francoforte (Oder)-S\u0142ubice e Cieszyn\/\u010cesk\u00fd T\u011b\u0161\u00edn<\/p>\n<p><strong>Panel 6 \u2013 Citt\u00e0 di confine divise nell&#8217;Europa comunista (Parte 2) 11:00 \u2013 12:30<\/strong><\/p>\n<p>Presiede Mark Kramer<\/p>\n<p>Matthew Evangelista e Aleksander Lust, Narva come nuova Berlino Ovest? Origini e prospettive di un&#8217;enclave vulnerabile<\/p>\n<p>Nuri Korkmaz, Divisioni ideologiche nelle aree urbane al confine tra Bulgaria e Grecia durante la Guerra fredda.<\/p>\n<p>Nadia Boyadjieva \u2013 Divisioni ideologiche ed etniche nelle citt\u00e0 lungo i confini della Bulgaria con la Turchia e la Jugoslavia durante la Guerra fredda<\/p>\n<p><strong>Panel 7 \u2013 Citt\u00e0 europee divise al di fuori del blocco sovietico 14:00 \u2013 15:30<\/strong><\/p>\n<p>Presiede Nigel Gould-Davies<\/p>\n<p>Ad\u00e9la Sobotkova, Divisioni urbane e difesa civile: analisi delle controversie della Guerra fredda ad Aarhus.<\/p>\n<p>Dilek Latif, Donne e zone cuscinetto: la divisione post-conflitto di Nicosia.<\/p>\n<p>Agustina Martire, Le divisioni di classe possono prevalere sulle divisioni etniche\/religiose? Il caso di Belfast negli anni &#8217;60 e &#8217;70<\/p>\n<p>Pieter Troch, Preludio alla divisione post-1991 in tempo di guerra: polarizzazione etnica e politica a Mitrovica durante l&#8217;era comunista<\/p>\n<p><strong>Panel 8 \u2013 Citt\u00e0 divise durante la Guerra fredda fuori dall&#8217;Europa 15:45 \u2013 17:00<\/strong><\/p>\n<p>Presiede Sergey Radchenko<\/p>\n<p>David Wolff, Harbin della Guerra fredda: capitale contesa della zona di confine sino-sovietica<\/p>\n<p>Adonis Li, Hong Kong e la divisione della Guerra fredda<\/p>\n<p>Moritz P\u00f6llath, Goa: una citt\u00e0 contesa della Guerra fredda?<\/p>\n<p><strong>Conclusioni \u2013 Confini e zone di confine nella Guerra fredda 17:00 \u2013 17:30<\/strong><\/p>\n<p><strong>Mark Kramer, Christian Osterman, Tommaso Piffer, David Reynolds.<\/strong><\/p>\n","protected":false},"excerpt":{"rendered":"<p>A inaugurare il Forum sar\u00e0 la lezione magistrale dello storico David Reynolds, dell\u2019Universit\u00e0 di Cambridge<\/p>\n","protected":false},"author":28,"featured_media":63646,"comment_status":"closed","ping_status":"closed","template":"","tags":[2843,123,43],"mec_category":[59],"class_list":["post-63645","mec-events","type-mec-events","status-publish","has-post-thumbnail","hentry","tag-forum","tag-go2025","tag-gorizia","mec_category-meeting"],"_links":{"self":[{"href":"https:\/\/imagazine.it\/home_desk\/wp-json\/wp\/v2\/mec-events\/63645","targetHints":{"allow":["GET"]}}],"collection":[{"href":"https:\/\/imagazine.it\/home_desk\/wp-json\/wp\/v2\/mec-events"}],"about":[{"href":"https:\/\/imagazine.it\/home_desk\/wp-json\/wp\/v2\/types\/mec-events"}],"author":[{"embeddable":true,"href":"https:\/\/imagazine.it\/home_desk\/wp-json\/wp\/v2\/users\/28"}],"replies":[{"embeddable":true,"href":"https:\/\/imagazine.it\/home_desk\/wp-json\/wp\/v2\/comments?post=63645"}],"wp:featuredmedia":[{"embeddable":true,"href":"https:\/\/imagazine.it\/home_desk\/wp-json\/wp\/v2\/media\/63646"}],"wp:attachment":[{"href":"https:\/\/imagazine.it\/home_desk\/wp-json\/wp\/v2\/media?parent=63645"}],"wp:term":[{"taxonomy":"post_tag","embeddable":true,"href":"https:\/\/imagazine.it\/home_desk\/wp-json\/wp\/v2\/tags?post=63645"},{"taxonomy":"mec_category","embeddable":true,"href":"https:\/\/imagazine.it\/home_desk\/wp-json\/wp\/v2\/mec_category?post=63645"}],"curies":[{"name":"wp","href":"https:\/\/api.w.org\/{rel}","templated":true}]}}