{"id":63440,"date":"2025-03-10T15:33:26","date_gmt":"2025-03-10T14:33:26","guid":{"rendered":"https:\/\/imagazine.it\/home_desk\/?post_type=mec-events&#038;p=63440"},"modified":"2025-03-10T15:33:26","modified_gmt":"2025-03-10T14:33:26","slug":"palmanova-celebra-cb-club-e-radioamatori","status":"publish","type":"mec-events","link":"https:\/\/imagazine.it\/home_desk\/events\/palmanova-celebra-cb-club-e-radioamatori\/","title":{"rendered":"Palmanova celebra CB Club e Radioamatori"},"content":{"rendered":"<p>Per festeggiare il traguardo dei trentacinque anni di attivit\u00e0, l\u2019Associazione\u00a0<strong>CB Club Palmanova e Radioamatori ODV<\/strong>\u00a0ha organizzato\u00a0<strong>una mostra\u00a0<\/strong><strong>fotografica e di apparecchiature radio ricetrasmittenti<\/strong>\u00a0negli spazi sotto la\u00a0<strong>Loggia di Piazza Grande<\/strong>.<\/p>\n<p>La rassegna verr\u00e0\u00a0<strong>inaugurata<\/strong>\u00a0<strong>sabato 15 marzo alle 11<\/strong>\u00a0alla presenza delle autorit\u00e0 e rimarr\u00e0 aperta fino alle 18.30. Sar\u00e0 visitabile anche\u00a0<strong>domenica 16\u00a0<\/strong>(9.30-12.30\/15-18.30) e<strong>\u00a0luned\u00ec 17 marzo<\/strong>\u00a0(9.30-12).<\/p>\n<p>La CB Club Palmanova e Radioamatori \u2013 nata alla fine degli anni Ottanta da un gruppo di amici con la passione per le radiocomunicazioni \u2013 \u00e8 un\u2019organizzazione di volontariato iscritta al Registro Unico Nazionale del Terzo Settore.<\/p>\n<p>Durante l\u2019anno, si occupa di\u00a0<strong>attivit\u00e0 ludico-addestrative<\/strong>\u00a0e di\u00a0<strong>assistenze radio<\/strong>\u00a0per\u00a0<strong>manifestazioni sportive ed eventi culturali<\/strong>\u00a0su tutto il territorio regionale.<\/p>\n<p>L\u2019organizzazione opera inoltre nell\u2019ambito delle\u00a0<strong>comunicazioni d\u2019emergenza<\/strong>\u00a0con la\u00a0<strong>Protezione Civile<\/strong>\u00a0del FVG.<\/p>\n<p>Fin dalla sua costituzione \u00e8 affiliata con la Federazione Italiana Ricetrasmissioni CB ed il Servizio Emergenza Radio (FIRCB SER).<\/p>\n<p>\u201cSiamo felici di celebrare a Palmanova una realt\u00e0 solida e longeva \u2013 afferma il sindaco <strong>Giuseppe Tellini<\/strong> \u2013 che da trentacinque anni supporta le istituzioni locali attraverso attivit\u00e0 radiantistiche sia amatoriali, che con fine sociale e di protezione civile. Il loro supporto \u00e8 fondamentale in tantissimi eventi cittadini e la loro professionalit\u00e0 \u00e8 da tempo riconosciuta. L\u2019augurio pi\u00f9 grande \u00e8 quello di proseguire e implementare le iniziative anche negli anni a venire\u201d.<\/p>\n<p>Le attivit\u00e0 dell\u2019ente sono inoltre un\u2019opportunit\u00e0 per testare e mantenere in efficienza le ricetrasmittenti e gli impianti d\u2019antenna, nonch\u00e9 un addestramento per gli operatori radio.<\/p>\n<p>Molti iscritti hanno sostenuto l\u2019esame ministeriale per la patente di radioamatore, ampliando cos\u00ec le possibilit\u00e0 di sperimentazione e di collegamenti radio con tutte le tecnologie disponibili e con altri radioamatori di tutto il mondo.<\/p>\n<p>L\u2019Associazione \u00e8 autorizzata dal Ministero dello Sviluppo Economico ad esercitare una stazione radioelettrica sperimentale, gestisce un proprio ponte radio VHF digitale ed analogico e dispone di un server web e di un NAS, installati e manutenuti dai soci stessi.<\/p>\n<p>La CB Club Palmanova e Radioamatori ODV ha\u00a0<strong>sede operativa presso l\u2019ex Caserma Piave di Palmanova<\/strong>\u00a0(Contrada Garzoni 31).<\/p>\n<p>Per maggiori info\u00a0<a href=\"mailto:cbclubpalmanova@libero.it\">cbclubpalmanova@libero.it<\/a>\u00a0o visitare il sito web\u00a0<span style=\"text-decoration: underline;\"><a href=\"https:\/\/cbclubpalmanova.ns0.it\/\" target=\"_blank\" rel=\"noopener\">https:\/\/cbclubpalmanova.ns0.it<\/a><\/span><\/p>\n","protected":false},"excerpt":{"rendered":"<p>Nel fine settimana una mostra fotografica e di apparecchiature radio ricetrasmittenti dedicata ai 35 anni del sodalizio<\/p>\n","protected":false},"author":28,"featured_media":63441,"comment_status":"closed","ping_status":"closed","template":"","tags":[261,826,251,154,355,2825,976],"mec_category":[59],"class_list":["post-63440","mec-events","type-mec-events","status-publish","has-post-thumbnail","hentry","tag-eventi","tag-eventi-fvg","tag-mostra","tag-palmanova","tag-radio","tag-radioamatori","tag-tecnologia","mec_category-meeting"],"_links":{"self":[{"href":"https:\/\/imagazine.it\/home_desk\/wp-json\/wp\/v2\/mec-events\/63440","targetHints":{"allow":["GET"]}}],"collection":[{"href":"https:\/\/imagazine.it\/home_desk\/wp-json\/wp\/v2\/mec-events"}],"about":[{"href":"https:\/\/imagazine.it\/home_desk\/wp-json\/wp\/v2\/types\/mec-events"}],"author":[{"embeddable":true,"href":"https:\/\/imagazine.it\/home_desk\/wp-json\/wp\/v2\/users\/28"}],"replies":[{"embeddable":true,"href":"https:\/\/imagazine.it\/home_desk\/wp-json\/wp\/v2\/comments?post=63440"}],"wp:featuredmedia":[{"embeddable":true,"href":"https:\/\/imagazine.it\/home_desk\/wp-json\/wp\/v2\/media\/63441"}],"wp:attachment":[{"href":"https:\/\/imagazine.it\/home_desk\/wp-json\/wp\/v2\/media?parent=63440"}],"wp:term":[{"taxonomy":"post_tag","embeddable":true,"href":"https:\/\/imagazine.it\/home_desk\/wp-json\/wp\/v2\/tags?post=63440"},{"taxonomy":"mec_category","embeddable":true,"href":"https:\/\/imagazine.it\/home_desk\/wp-json\/wp\/v2\/mec_category?post=63440"}],"curies":[{"name":"wp","href":"https:\/\/api.w.org\/{rel}","templated":true}]}}