{"id":62521,"date":"2025-02-07T16:04:21","date_gmt":"2025-02-07T15:04:21","guid":{"rendered":"https:\/\/imagazine.it\/home_desk\/?post_type=mec-events&#038;p=62521"},"modified":"2025-07-08T18:20:04","modified_gmt":"2025-07-08T16:20:04","slug":"marco-masini-in-concerto-a-udine","status":"publish","type":"mec-events","link":"https:\/\/imagazine.it\/home_desk\/events\/marco-masini-in-concerto-a-udine\/","title":{"rendered":"Marco Masini recupera il concerto di Udine"},"content":{"rendered":"<p><span style=\"font-size: 10pt;\"><em>Marco Masini (ph. Luca Brunetti)<\/em><\/span><\/p>\n<p style=\"font-weight: 400;\">Il concerto di\u00a0<strong>Marco Masini<\/strong>, unica data in Friuli Venezia Giulia del tour \u201cCi vorrebbe ancora il mare\u201d, originariamente previsto per luned\u00ec 7 luglio al\u00a0<strong>Castello di Udine<\/strong>, \u00e8\u00a0<strong>stato rinviato a causa delle avverse condizioni meteo<\/strong>\u00a0che hanno interessato la citt\u00e0 di Udine e l\u2019area concerto durante la serata di luned\u00ec.<\/p>\n<p style=\"font-weight: 400;\">L\u2019evento verr\u00e0 quindi recuperato nella\u00a0<strong>nuova data<\/strong>\u00a0di\u00a0<strong>venerd\u00ec 11 luglio<\/strong>, sempre al\u00a0<strong>Castello di Udine<\/strong>, sempre alle ore\u00a0<strong>21.00<\/strong>. I biglietti gi\u00e0 acquistati rimangono validi per la nuova data.<\/p>\n<p style=\"font-weight: 400;\">In occasione del concerto di venerd\u00ec biglietterie aperte dalle 19.30 in\u00a0<strong>Piazza Libert\u00e0<\/strong>\u00a0e porte aperte al pubblico dalle\u00a0<strong>20.00<\/strong>\u00a0con ingresso all\u2019area concerto possibile solo da Piazza Libert\u00e0. Maggiori info su\u00a0<span style=\"text-decoration: underline;\"><a href=\"http:\/\/www.azalea.it\/\" data-saferedirecturl=\"https:\/\/www.google.com\/url?q=http:\/\/www.azalea.it&amp;source=gmail&amp;ust=1752059491938000&amp;usg=AOvVaw3PUOkoPe3FQ2TtOvNDCevN\" target=\"_blank\" rel=\"noopener\">www.azalea.it<\/a><\/span>.<\/p>\n<p style=\"font-weight: 400;\">\u201c<em>Voi non immaginante neanche quanto mi dispiace &#8211;\u00a0<\/em>ha commentato\u00a0<strong>Marco Masini<\/strong>\u00a0con un messaggio ai fan pubblicato sui suoi canali social &#8211;\u00a0<em>ci abbiamo provato fino all\u2019ultimo ma non ce l\u2019abbiamo fatta. Sono triste perch\u00e9 Udine \u00e8 una citt\u00e0 che mi sta nel cuore e perch\u00e9 volevo fortemente questo concerto e questa serata. Abbiamo fatto le prove con un sole meraviglioso, come meravigliosa \u00e8 questa citt\u00e0, vi aspetto l\u201911 luglio perch\u00e9 fortunatamente riusciremo a recuperare il concerto, mi raccomando vi aspetto tutti quanti!<\/em>\u201d.<\/p>\n<p style=\"font-weight: 400;\">Nel 1990 con &#8220;<strong>Disperato<\/strong>\u201d, brano scritto da Marco insieme a Giancarlo Bigazzi e Beppe Dati, vince la 40\u00aa edizione del\u00a0<strong>Festival di Sanremo<\/strong>\u00a0nella sezione Novit\u00e0 e il\u00a0<strong>Premio della Critica Mia Martini<\/strong>, sempre nella sezione dedicata agli esordienti. Il singolo ottiene un ottimo riscontro di pubblico e gli segue la pubblicazione dell\u2019album di debutto \u201c<strong>Marco Masini<\/strong>\u201d che vende oltre 800.000 copie e include, oltre a \u201c<strong>Disperato<\/strong>\u201d, l\u2019altro grande successo \u201c<strong>Ci vorrebbe il mare<\/strong>\u201d, romantica poesia in musica con cui calca il palco del\u00a0<strong>Festivalbar \u201990<\/strong>\u00a0e che d\u00e0 il nome a questo tour. Inoltre, il 2025 coincide con il 30\u00b0 anniversario dal quarto album in studio, \u201c<strong>Il Cielo della Vergine<\/strong>\u201d, che contiene \u201c<strong>Bella Stronza<\/strong>\u201d, canzone scritta da Masini con Bigazzi che nel 2019 diventa il primo singolo dell\u2019artista a essere certificato disco d&#8217;oro dalla FIMI GfK per le vendite conteggiate a partire dal 2010.<\/p>\n<p style=\"font-weight: 400;\">In questi 35 anni sono stati tanti i brani il cui successo \u00e8 andato di pari passo con il rafforzarsi del legame instaurato da Marco con i suoi fan, pezzi indimenticabili come \u201c<strong>Perch\u00e9 lo fai<\/strong>\u201d (3\u00b0 posto al Festival di Sanremo nel 1991), \u201c<strong>Cenerentola Innamorata<\/strong>\u201d, \u201c<strong>Vaffanculo<\/strong>\u201d, \u201c<strong>T\u2019innamorerai<\/strong>\u201d, \u201c<strong>L&#8217;uomo volante<\/strong>\u201d (1\u00b0 posto al Festival di Sanremo nel 2004) e tanti altri.<\/p>\n","protected":false},"excerpt":{"rendered":"<p>Fissata la nuova data dello show saltato luned\u00ec sera a causa del maltempo. I biglietti acquistati restano validi<\/p>\n","protected":false},"author":28,"featured_media":62522,"comment_status":"closed","ping_status":"closed","template":"","tags":[861,261,826,1408,55,101],"mec_category":[99],"class_list":["post-62521","mec-events","type-mec-events","status-publish","has-post-thumbnail","hentry","tag-concerti","tag-eventi","tag-eventi-fvg","tag-masini","tag-musica","tag-udine","mec_category-music"],"_links":{"self":[{"href":"https:\/\/imagazine.it\/home_desk\/wp-json\/wp\/v2\/mec-events\/62521","targetHints":{"allow":["GET"]}}],"collection":[{"href":"https:\/\/imagazine.it\/home_desk\/wp-json\/wp\/v2\/mec-events"}],"about":[{"href":"https:\/\/imagazine.it\/home_desk\/wp-json\/wp\/v2\/types\/mec-events"}],"author":[{"embeddable":true,"href":"https:\/\/imagazine.it\/home_desk\/wp-json\/wp\/v2\/users\/28"}],"replies":[{"embeddable":true,"href":"https:\/\/imagazine.it\/home_desk\/wp-json\/wp\/v2\/comments?post=62521"}],"wp:featuredmedia":[{"embeddable":true,"href":"https:\/\/imagazine.it\/home_desk\/wp-json\/wp\/v2\/media\/62522"}],"wp:attachment":[{"href":"https:\/\/imagazine.it\/home_desk\/wp-json\/wp\/v2\/media?parent=62521"}],"wp:term":[{"taxonomy":"post_tag","embeddable":true,"href":"https:\/\/imagazine.it\/home_desk\/wp-json\/wp\/v2\/tags?post=62521"},{"taxonomy":"mec_category","embeddable":true,"href":"https:\/\/imagazine.it\/home_desk\/wp-json\/wp\/v2\/mec_category?post=62521"}],"curies":[{"name":"wp","href":"https:\/\/api.w.org\/{rel}","templated":true}]}}