{"id":57175,"date":"2024-07-16T12:37:59","date_gmt":"2024-07-16T10:37:59","guid":{"rendered":"https:\/\/imagazine.it\/home_desk\/?post_type=mec-events&#038;p=57175"},"modified":"2024-07-16T12:38:38","modified_gmt":"2024-07-16T10:38:38","slug":"restiamo-umani","status":"publish","type":"mec-events","link":"https:\/\/imagazine.it\/home_desk\/events\/restiamo-umani\/","title":{"rendered":"Restiamo Umani"},"content":{"rendered":"<p>Oltre una cinquantina tra coristi e musicisti del Friuli Venezia Giulia in un concerto evento per la pace durante il tramonto sabato 20 luglio e ospitato eccezionalmente nella suggestiva e simbolica cornice dell&#8217;Ara Pacis Mundi di Medea.<\/p>\n<p>Si tratta del \u201c<strong><em>Concerto per la Pace. Restiamo umani<\/em><\/strong>\u201d, ad ingresso gratuito, organizzato dall\u2019associazione <strong>Arte della Musica di Zoppola<\/strong> e\u00a0 inserito nella rassegna \u201c<em>Note sconfinate<\/em>\u201d che gode del sostegno della Regione Friuli Venezia Giulia e del Comune di Medea partner dell\u2019iniziativa.<\/p>\n<p>Inoltre, \u00e8 reso possibile grazie al permesso di utilizzo gentilmente concesso dal Commissariato Generale Onoranze Caduti in Guerra del Ministero della Difesa che tutela questo luogo solenne.<\/p>\n<p>\u201cQuando abbiamo deciso di promuovere il concerto per la pace &#8211; fa sapere il compositore <strong>Nicola Milan<\/strong> &#8211; cercavamo un luogo che fosse perfettamente integrato con l\u2019idea del progetto. L\u2019Ara Pacis \u00e8 molto suggestiva ed evocativa ed esprime gi\u00e0 al primo sguardo l\u2019intento di monito contro le guerre e per la pace chiaramente espresso da chi aveva vissuto per anni i drammi del conflitto. Ma l\u2019umanit\u00e0 sembra non imparare dagli errori del passato ed \u00e8 in questo clima crescente di tensione e di guerra che ci \u00e8 sembrato doveroso organizzare questo concerto di invocazione alla Pace\u201d.<\/p>\n<p>Appuntamento al tramonto (ore 20.15), per l\u2019esibizione di quattro tra i migliori musicisti friulani: il compositore Nicola Milan al pianoforte e fisarmonica, <strong>Nicola Mansutti<\/strong> al violino, <strong>Alessandro Turchet<\/strong> al contrabbasso e <strong>Pietro Sponton<\/strong> alla batteria e percussioni.<\/p>\n<p>Il tutto completato dalle splendide voci di due cori: il <strong>coro giovanile&#8221; Vocinvolo&#8221;<\/strong> dell&#8217;associazione Ritmea di Udine e il <strong>coro Gospel &#8220;Seventh note gospel lab\u201d<\/strong>. Le introduzioni dei brani, poetiche e toccanti saranno a cura dell\u2019attore, <strong>Paolo Mutti<\/strong>.<\/p>\n<p>Un\u2019esibizione simbolica in un luogo significativo perch\u00e8 rappresenta un monito alla pace ed \u00e8 stato voluto per raccogliere la memoria dei caduti e dei dispersi di tutte le guerre.<\/p>\n<p>\u201cL\u2019evento inizier\u00e0 in un orario insolito alle ore 20.15, orario del tramonto &#8211; ha spiegato Milan -, a simboleggiare che la pace mondiale in questo momento sta tramontando e tutti noi dobbiamo averne coscienza e adoperarci con i mezzi di cui disponiamo per recuperare l\u2019idea di umanit\u00e0, fratellanza, pace fra i popoli\u201d.<\/p>\n<p>Partendo dalla solenne frase incisa nell\u2019Urna: &#8220;<em>Odium parit mortem, vitam progignit amor<\/em>\u201d. \u00abL&#8217;odio produce morte, l&#8217;amore genera vita\u00bb lo spettacolo \u201cRestiamo umani\u201d di grande impatto emotivo, alterner\u00e0 brani strumentali a brani cantati con testi che parlano di rispetto della madre terra, di attaccamento alle proprie radici e rispetto della diversit\u00e0 e attraverso il linguaggio universale della musica di condivisione, dialogo, fratellanza in un crescendo di emozioni che conduce nel canto finale Cjant\u00e0 di pas. Un canto potente, di grande suggestione, drammatico e mistico che culminer\u00e0 con l\u2019invocazione di Pace finale, in stile gospel.<\/p>\n<p>In caso di maltempo, lo spettacolo si svolger\u00e0 al teatro parrocchiale Don F. Ulian.<\/p>\n<p><strong>L\u2019ingresso all\u2019evento \u00e8 gratuito.<\/strong><\/p>\n<p>Il monumento Ara Pacis Mundi fu eretto nel 1951, successivamente agli orrori della Seconda Guerra Mondiale, su progetto dell&#8217;architetto milanese Mario Baciocchi, con l\u2019intento, di ricordare simbolicamente i caduti di tutte le guerre. Il Comitato Nazionale formato dalle principali associazioni di ex combattenti e dalla Pontificia Commissione di Assistenza decise di erigere questo imponente e solenne edificio, per ricordare il dolore e la distruzione che, in ogni guerra, accomuna vinti e vincitori e per condurre simbolicamente l&#8217;uomo verso la pace e la fratellanza senza ricorrere nuovamente alla guerra ed alle sue tragedie.<\/p>\n<p>Per informazioni\u00a0<span style=\"text-decoration: underline;\"><a href=\"http:\/\/www.lartedellamusica.it\" target=\"_blank\" rel=\"noopener\">www.lartedellamusica.it<\/a><\/span><\/p>\n","protected":false},"excerpt":{"rendered":"<p>All&#8217;Ara Pacis Mundi di Medea un concerto evento al tramonto in favore della pace. Oltre una cinquantina tra coristi e musicisti del FVG<\/p>\n","protected":false},"author":28,"featured_media":57176,"comment_status":"closed","ping_status":"closed","template":"","tags":[102,261,826,2210,55],"mec_category":[99],"class_list":["post-57175","mec-events","type-mec-events","status-publish","has-post-thumbnail","hentry","tag-concerto","tag-eventi","tag-eventi-fvg","tag-medea","tag-musica","mec_category-music"],"_links":{"self":[{"href":"https:\/\/imagazine.it\/home_desk\/wp-json\/wp\/v2\/mec-events\/57175","targetHints":{"allow":["GET"]}}],"collection":[{"href":"https:\/\/imagazine.it\/home_desk\/wp-json\/wp\/v2\/mec-events"}],"about":[{"href":"https:\/\/imagazine.it\/home_desk\/wp-json\/wp\/v2\/types\/mec-events"}],"author":[{"embeddable":true,"href":"https:\/\/imagazine.it\/home_desk\/wp-json\/wp\/v2\/users\/28"}],"replies":[{"embeddable":true,"href":"https:\/\/imagazine.it\/home_desk\/wp-json\/wp\/v2\/comments?post=57175"}],"wp:featuredmedia":[{"embeddable":true,"href":"https:\/\/imagazine.it\/home_desk\/wp-json\/wp\/v2\/media\/57176"}],"wp:attachment":[{"href":"https:\/\/imagazine.it\/home_desk\/wp-json\/wp\/v2\/media?parent=57175"}],"wp:term":[{"taxonomy":"post_tag","embeddable":true,"href":"https:\/\/imagazine.it\/home_desk\/wp-json\/wp\/v2\/tags?post=57175"},{"taxonomy":"mec_category","embeddable":true,"href":"https:\/\/imagazine.it\/home_desk\/wp-json\/wp\/v2\/mec_category?post=57175"}],"curies":[{"name":"wp","href":"https:\/\/api.w.org\/{rel}","templated":true}]}}