{"id":56315,"date":"2024-06-14T16:32:47","date_gmt":"2024-06-14T14:32:47","guid":{"rendered":"https:\/\/imagazine.it\/home_desk\/?post_type=mec-events&#038;p=56315"},"modified":"2024-06-14T16:33:36","modified_gmt":"2024-06-14T14:33:36","slug":"tre-giorni-di-concerti-animano-palmanova","status":"publish","type":"mec-events","link":"https:\/\/imagazine.it\/home_desk\/events\/tre-giorni-di-concerti-animano-palmanova\/","title":{"rendered":"Tre giorni di concerti animano Palmanova"},"content":{"rendered":"<p><strong>Da venerd\u00ec 21 a domenica 23 giugno<\/strong>, torna a\u00a0<strong>Palmanova<\/strong>\u00a0la nuova edizione della<strong>\u00a0Festa della Musica<\/strong>.<\/p>\n<p>In\u00a0<strong>venticinque<\/strong>\u00a0tra\u00a0<strong>cantanti, musicisti e gruppi<\/strong>, popoleranno i\u00a0<strong>quattordici luoghi<\/strong>\u00a0in cui si svolgeranno i concerti \u2013 gratuiti \u2013 offrendo una\u00a0<strong>commistione di generi<\/strong>\u00a0tra musica classica, orchestrale, corale, bandistica, rock\u2019n\u2019roll, jazz, pop, new-wave, underground, soul e rhythm and blues. L\u2019occasione ideale per assaporare un aperitivo o una cena tra le note all\u2019insegna della curiosit\u00e0 e della spontaneit\u00e0.<\/p>\n<p>Venerd\u00ec 21 giugno, alle cinque di mattina,\u00a0<em>Never Say Duo<\/em>\u00a0dar\u00e0 il via alla festa a Baluardo Garzoni, mentre alle 20.45, in corrispondenza con il concerto del gruppo<em>\u00a0JJJ<\/em>, ci sar\u00e0 un\u2019<strong>anteprima dell\u2019evento\u00a0<em>\u201cNotte Romantica\u201d,\u00a0<\/em><\/strong>organizzato da<strong><em>\u00a0<\/em><\/strong><em>\u201cI Borghi pi\u00f9 belli d\u2019Italia\u201d<\/em>, in programma la settimana successiva sempre presso la citt\u00e0 stellata.<\/p>\n<p>Domenica 23 giugno, dalle ore 17, sar\u00e0 offerta al pubblico una\u00a0<strong>visita guidata di Palmanova completamente gratuita<\/strong>, con partenza dalla Loggia di Piazza Grande. Un\u2019occasione unica per conoscere il valore storico, artistico e culturale della citt\u00e0 divenuta patrimonio mondiale dell\u2019UNESCO dal 2017. Al termine del tour, sar\u00e0 possibile assistere al concerto di musica classica del\u00a0<em>Trio Donatello<\/em>.<\/p>\n<p>\u201cSiamo orgogliosi \u2013 afferma il sindaco <strong>Giuseppe Tellini<\/strong> \u2013 di ospitare a Palmanova un evento di portata internazionale. Per un intero fine settimana la musica animer\u00e0 la Piazza, i Bastioni, i Borghi, le vie e le frazioni, all\u2019insegna della leggerezza e della libert\u00e0 di espressione. Cos\u00ec come avvenuto negli anni precedenti, mi aspetto entusiasmo non solo da parte dei cittadini palmarini ma anche da quelli dei comuni limitrofi\u201d.<\/p>\n<p>\u201cGodere della musica dal vivo in piazza e nei borghi \u2013 aggiunge l\u2019assessore alla Cultura e alle Attivit\u00e0 Produttive,\u00a0<strong>Silvia Savi<\/strong>\u00a0\u2013 \u00e8 una delle opportunit\u00e0 pi\u00f9 belle che il Comune offre ai visitatori. Proprio per questo l&#8217;evento rappresenta un&#8217;offerta\u00a0non solo culturale ma anche commerciale e di intrattenimento\u00a0per<strong>\u00a0tutti i bar e ristoranti della citt\u00e0-fortezza<\/strong>, che potranno accogliere il pubblico ai propri tavoli\u201d.<\/p>\n<p>\u201cLa massima libert\u00e0 di espressione, principio cardine di questa iniziativa, fa s\u00ec che la Festa della Musica diventi un\u2019<strong>opportunit\u00e0<\/strong>\u00a0anche\u00a0<strong>per gli artisti pi\u00f9 giovani e alle prime armi di avere uno spazio in cui far sentire la propria arte<\/strong>\u201d, sottolinea l\u2019assessore alle Politiche Giovanili,\u00a0<strong>Thomas Trino<\/strong>.<\/p>\n<p>&nbsp;<\/p>\n<h3>Il programma completo della Festa della Musica 2024 a Palmanova<\/h3>\n<p><strong>Venerd\u00ec 21 giugno 2024<\/strong><\/p>\n<p>ore 5.00, Baluardo Garzoni &#8211; via Vallaresso<\/p>\n<p>NEVER SAY DUO concerto all\u2019alba (blues, jazz, rock)<\/p>\n<p>&nbsp;<\/p>\n<p>ore 11.00, Piazza Collalto<\/p>\n<p>CORO SCOLASTICO PALMANOVA (musica corale)<\/p>\n<p>&nbsp;<\/p>\n<p>ore 17.30, Loggia di Piazza Grande<\/p>\n<p>NEW AVONS (musica varia)<\/p>\n<p>&nbsp;<\/p>\n<p>ore 18.30, Borgo Udine pedonale (Bar Demar)<\/p>\n<p>VOLTAGE (Rock&#8217;n&#8217;roll)<\/p>\n<p>&nbsp;<\/p>\n<p>ore 18.30, Borgo Aquileia pedonale (Caff\u0117 Al Municipio)<\/p>\n<p>ACOUSTIC HARVERTERS (folk)<\/p>\n<p>&nbsp;<\/p>\n<p>ore 19.00, Loggia di Piazza Grande<\/p>\n<p>MUSICANTI A BORDO (musica orchestrale)<\/p>\n<p>&nbsp;<\/p>\n<p>ore 20.00, Loggia di Piazza Grande<\/p>\n<p>IUVENES HARMONIAE (musica corale)<\/p>\n<p>&nbsp;<\/p>\n<p>ore 20.30, Jalmicco, giardino sede Banda &#8211; Piazza Unione<\/p>\n<p>BANDA CITTADINA (musica bandistica)<\/p>\n<p>&nbsp;<\/p>\n<p>ore 20.45, Polveriera di Contrada Garzoni<\/p>\n<p>JJJ (musica rock)<\/p>\n<p><strong>Anteprima Notte Romantica &#8211; I Borghi pi\u00f9 Belli d\u2019Italia<\/strong><\/p>\n<p>&nbsp;<\/p>\n<p>ore 21.00, Piazza Grande 4 (Risto Caff\u00e8 Bonsai)<\/p>\n<p>SOUND REX (glam rock e pop)<\/p>\n<p><strong>\u00a0<\/strong><\/p>\n<p><strong>Sabato 22 giugno<\/strong><\/p>\n<p>ore 17.00, Borgo Udine pedonale (Bar Demar)<\/p>\n<p>SOUND OF SLEEPLESS (rhythm and blues)<\/p>\n<p>ore 18.00, Borgo Aquileia pedonale (Caff\u0117 Al Municipio)<\/p>\n<p>SOUL ORCHESTRA (soul)<\/p>\n<p>&nbsp;<\/p>\n<p>ore 18.00, Chiesa di San Francesco &#8211; Piazza Garibaldi<\/p>\n<p>GAILTALER TRACHTENKAPELLE WERTSCHACH Banda austriaca<\/p>\n<p>(musica bandistica)<\/p>\n<p>&nbsp;<\/p>\n<p>ore 19.00, Borgo Cividale pedonale (Nonna Pallina &#8211; Chez Pap\u00ec)<\/p>\n<p>ESSENZA (pop)<\/p>\n<p>&nbsp;<\/p>\n<p>ore 19.30, Borgo Aquileia pedonale (Caff\u0117 Al Municipio)<\/p>\n<p>UNDERTAKER&#8217;S (pop)<\/p>\n<p>&nbsp;<\/p>\n<p>ore 20.30, Borgo Aquileia 14 e 16 (Birra e Basta &#8211; Bar Pasticceria Sorar\u00f9)<\/p>\n<p>MOTH&#8217;S TALES (underground)<\/p>\n<p>&nbsp;<\/p>\n<p>ore 20.30, Sottoselva &#8211; Sala della Comunit\u00e0<\/p>\n<p>AREA 70 (musica anni 70)<\/p>\n<p>&nbsp;<\/p>\n<p>ore 21.00, Piazza Grande &#8211; Contr. Contarini (Bar Bianco &#8211; Bar Bistrot Eccetera)<\/p>\n<p>WAY OUT (pop)<\/p>\n<p>&nbsp;<\/p>\n<p>ore 22.00, Borgo Aquileia 14 e 16 (Birra e Basta &#8211; Bar Pasticceria Sorar\u00f9)<\/p>\n<p>LDV (la dolce vita) (new-wave)<\/p>\n<p><strong>\u00a0<\/strong><\/p>\n<p><strong>Domenica 23 giugno<\/strong><\/p>\n<p>ore 17.00, Borgo Aquileia pedonale (Caff\u0117 Al Municipio)<\/p>\n<p>ICLAP (pop italiano)<\/p>\n<p>&nbsp;<\/p>\n<p>ore 18.00, Baluardo Garzoni &#8211; via Vallaresso<\/p>\n<p>TRIO DONATELLO (musica classica)<\/p>\n<p><strong>ore 17.00, Visita guidata gratuita alla citt\u00e0 con partenza dalla Loggia di Piazza Grande<\/strong><\/p>\n<p><strong>\u00a0<\/strong><\/p>\n<p>ore 19.00, Piazza Grande 4 (Risto Caff\u00e8 Bonsai)<\/p>\n<p>THE FOXES (musica varia)<\/p>\n<p>&nbsp;<\/p>\n<p>ore 20.00, Borgo Cividale pedonale (Nonna Pallina &#8211; Chez Pap\u00ec)<\/p>\n<p>ARSOUND ROCK BAND (rock&#8217;n&#8217;roll)<\/p>\n<p>&nbsp;<\/p>\n<p>ore 21.00, Borgo Aquileia pedonale (Caff\u0117 Al Municipio)<\/p>\n<p>KILLING KLUB (rock&#8217;n&#8217;roll)<\/p>\n","protected":false},"excerpt":{"rendered":"<p>Ufficializzato il programma della Festa della Musica, che vedr\u00e0 cantanti, musicisti e gruppi esibirsi in 14 luoghi diversi della citt\u00e0<\/p>\n","protected":false},"author":28,"featured_media":56316,"comment_status":"closed","ping_status":"closed","template":"","tags":[861,261,826,2014,55,154],"mec_category":[99],"class_list":["post-56315","mec-events","type-mec-events","status-publish","has-post-thumbnail","hentry","tag-concerti","tag-eventi","tag-eventi-fvg","tag-festa-della-musica","tag-musica","tag-palmanova","mec_category-music"],"_links":{"self":[{"href":"https:\/\/imagazine.it\/home_desk\/wp-json\/wp\/v2\/mec-events\/56315","targetHints":{"allow":["GET"]}}],"collection":[{"href":"https:\/\/imagazine.it\/home_desk\/wp-json\/wp\/v2\/mec-events"}],"about":[{"href":"https:\/\/imagazine.it\/home_desk\/wp-json\/wp\/v2\/types\/mec-events"}],"author":[{"embeddable":true,"href":"https:\/\/imagazine.it\/home_desk\/wp-json\/wp\/v2\/users\/28"}],"replies":[{"embeddable":true,"href":"https:\/\/imagazine.it\/home_desk\/wp-json\/wp\/v2\/comments?post=56315"}],"wp:featuredmedia":[{"embeddable":true,"href":"https:\/\/imagazine.it\/home_desk\/wp-json\/wp\/v2\/media\/56316"}],"wp:attachment":[{"href":"https:\/\/imagazine.it\/home_desk\/wp-json\/wp\/v2\/media?parent=56315"}],"wp:term":[{"taxonomy":"post_tag","embeddable":true,"href":"https:\/\/imagazine.it\/home_desk\/wp-json\/wp\/v2\/tags?post=56315"},{"taxonomy":"mec_category","embeddable":true,"href":"https:\/\/imagazine.it\/home_desk\/wp-json\/wp\/v2\/mec_category?post=56315"}],"curies":[{"name":"wp","href":"https:\/\/api.w.org\/{rel}","templated":true}]}}