{"id":55931,"date":"2024-06-06T12:53:01","date_gmt":"2024-06-06T10:53:01","guid":{"rendered":"https:\/\/imagazine.it\/home_desk\/?post_type=mec-events&#038;p=55931"},"modified":"2024-06-06T12:53:01","modified_gmt":"2024-06-06T10:53:01","slug":"lopera-di-fausto-romitelli-rivive-allaeroporto-di-gorizia","status":"publish","type":"mec-events","link":"https:\/\/imagazine.it\/home_desk\/events\/lopera-di-fausto-romitelli-rivive-allaeroporto-di-gorizia\/","title":{"rendered":"L&#8217;opera di Fausto Romitelli rivive all&#8217;aeroporto di Gorizia"},"content":{"rendered":"<p><span style=\"font-size: 10pt;\"><em>Miroirs Etendus<\/em><\/span><\/p>\n<p style=\"font-weight: 400;\">Al via da\u00a0<strong>Gorizia<\/strong>\u00a0il festival internazionale di musica e territori\u00a0<em><strong>Nei Suoni dei Luoghi<\/strong><\/em>.<\/p>\n<p style=\"font-weight: 400;\"><strong>Venerd\u00ec 7 giugno<\/strong> (ore 21.30) sar\u00e0 l\u2019hangar dell\u2019aeroporto \u201c<strong>Amedeo Duca d\u2019Aosta<\/strong>\u201d a ospitare l\u2019evento inaugurale della\u00a0<strong>26^ edizione<\/strong>, un concerto tributo al compositore contemporaneo goriziano\u00a0<strong>Fausto Romitelli<\/strong>, scomparso prematuramente nel 2004 a\u00a0 41 anni, ma capace di lasciare un segno indelebile nella musica contemporanea italiana e internazionale.<\/p>\n<p style=\"font-weight: 400;\">L\u2019ultima creazione della vasta produzione musicale di Romitelli si intitola \u201c<em><strong>An Index of Metals<\/strong><\/em>\u201d del 2003,\u00a0 video opera per soprano, ensemble, elettronica e multiproiezione, che rivivr\u00e0 grazie all\u2019ensemble francese <strong>Miroirs \u00c9tendus<\/strong>.<\/p>\n<p style=\"font-weight: 400;\">All\u2019interno della video-opera si intrecciano i testi della poetessa <strong>Kenka Lekovitch<\/strong>, che introdurr\u00e0 il concerto, le suggestioni dei quadri di\u00a0<strong>Roy Lichtenstein<\/strong>, alcuni spunti tratti dai\u00a0<strong>Pink Floid<\/strong>, intermezzi dei\u00a0<strong>Pan Sonic<\/strong>\u00a0e i <em>visuals<\/em> creati ad hoc.<\/p>\n<p style=\"font-weight: 400;\">L\u2019Ensemble\u00a0<strong>Miroirs \u00c9tendus<\/strong>\u00a0\u00e8 formato da\u00a0<strong>Matteo Cesari<\/strong>\u00a0(flauto),\u00a0<strong>Sylvain Devaux<\/strong>\u00a0(oboe),\u00a0<strong>Antoine Cambruzzi<\/strong>\u00a0(clarinetto),\u00a0<strong>No\u00e9 Nillni<\/strong>\u00a0(tromba),\u00a0<strong>Thibaut Du Cheyron<\/strong>\u00a0(trombone),\u00a0<strong>Christelle S\u00e9ry<\/strong>\u00a0(chitarra elettrica),\u00a0<strong>Qiaochu Li<\/strong>\u00a0 (pianoforte e tastiere),\u00a0<strong>H\u00e9l\u00e8ne Mar\u00e9chaux<\/strong>\u00a0(violino),\u00a0<strong>Julia Macarez<\/strong>\u00a0(viola),\u00a0<strong>Mich\u00e8le Pierre<\/strong>\u00a0(violoncello),\u00a0<strong>Olivier L\u00e9t\u00e9<\/strong>\u00a0(basso elettrico),\u00a0<strong>Othman Louati<\/strong>\u00a0(elettronica),\u00a0<strong>Linda Olah<\/strong>\u00a0(mezzosoprano), per la direzione musicale di\u00a0<strong>Fiona Monbet<\/strong>.<\/p>\n<p style=\"font-weight: 400;\">L\u2019evento, organizzato in collaborazione con\u00a0<strong>Societ\u00e0 Consortile R.L. Amedeo Duca D\u2019Aosta<\/strong>,\u00a0<strong>Associazione per la musica contemporanea Milano Musica<\/strong>\u00a0e\u00a0<strong>Javni Zavod GO! 2025<\/strong>, primo evento del ciclo di avvicinamento a\u00a0<strong>Go! 2025 Nova Gorica e Gorizia Capitale Europea della Cultura<\/strong>, \u00e8 a\u00a0<strong>ingresso libero<\/strong>, ma con\u00a0<strong>prenotazione consigliata<\/strong>, scrivendo a\u00a0prenotazioni@associazioneprogettomusica.org\u00a0entro il giorno prima del concerto.<\/p>\n<p style=\"font-weight: 400;\">Il programma completo del festival \u00e8 consultabile su\u00a0<span style=\"text-decoration: underline;\"><a href=\"http:\/\/www.neisuonideiluoghi.it\" target=\"_blank\" rel=\"noopener\">www.neisuonideiluoghi.it<\/a><\/span><\/p>\n","protected":false},"excerpt":{"rendered":"<p>All&#8217;hangar del &#8220;Duca d&#8217;Aosta&#8221; l\u2019ensemble francese Miroirs \u00c9tendus presenta l&#8217;ultima creazione del compositore goriziano<\/p>\n","protected":false},"author":28,"featured_media":55933,"comment_status":"closed","ping_status":"closed","template":"","tags":[861,261,826,43,55,1904,1954],"mec_category":[99],"class_list":["post-55931","mec-events","type-mec-events","status-publish","has-post-thumbnail","hentry","tag-concerti","tag-eventi","tag-eventi-fvg","tag-gorizia","tag-musica","tag-nei-suoni-dei-luoghi","tag-romitelli","mec_category-music"],"_links":{"self":[{"href":"https:\/\/imagazine.it\/home_desk\/wp-json\/wp\/v2\/mec-events\/55931","targetHints":{"allow":["GET"]}}],"collection":[{"href":"https:\/\/imagazine.it\/home_desk\/wp-json\/wp\/v2\/mec-events"}],"about":[{"href":"https:\/\/imagazine.it\/home_desk\/wp-json\/wp\/v2\/types\/mec-events"}],"author":[{"embeddable":true,"href":"https:\/\/imagazine.it\/home_desk\/wp-json\/wp\/v2\/users\/28"}],"replies":[{"embeddable":true,"href":"https:\/\/imagazine.it\/home_desk\/wp-json\/wp\/v2\/comments?post=55931"}],"wp:featuredmedia":[{"embeddable":true,"href":"https:\/\/imagazine.it\/home_desk\/wp-json\/wp\/v2\/media\/55933"}],"wp:attachment":[{"href":"https:\/\/imagazine.it\/home_desk\/wp-json\/wp\/v2\/media?parent=55931"}],"wp:term":[{"taxonomy":"post_tag","embeddable":true,"href":"https:\/\/imagazine.it\/home_desk\/wp-json\/wp\/v2\/tags?post=55931"},{"taxonomy":"mec_category","embeddable":true,"href":"https:\/\/imagazine.it\/home_desk\/wp-json\/wp\/v2\/mec_category?post=55931"}],"curies":[{"name":"wp","href":"https:\/\/api.w.org\/{rel}","templated":true}]}}