{"id":53800,"date":"2024-04-12T16:43:44","date_gmt":"2024-04-12T14:43:44","guid":{"rendered":"https:\/\/imagazine.it\/home_desk\/?post_type=mec-events&#038;p=53800"},"modified":"2024-04-12T16:43:44","modified_gmt":"2024-04-12T14:43:44","slug":"mario-sironi-adoro-il-bello-che-mi-offre-larte-e-la-natura","status":"publish","type":"mec-events","link":"https:\/\/imagazine.it\/home_desk\/events\/mario-sironi-adoro-il-bello-che-mi-offre-larte-e-la-natura\/","title":{"rendered":"Mario Sironi. Adoro il bello che mi offre l&#8217;arte e la natura"},"content":{"rendered":"<div><em><span style=\"font-size: 10pt;\">Mario Sironi, Automobile Fiat, 1936 ca., tempera e olio su carta su tela<\/span><\/em><\/div>\n<div><\/div>\n<div><span style=\"font-size: 12pt;\">Il Museo Civico d\u2019arte di Palazzo Ricchieri in Corso Vittorio Emanuele 51 a Pordenone ospita la grande mostra antologica \u201cMario Sironi. Adoro il bello che mi offre l&#8217;arte e la natura\u201d, dedicata all\u2019artista italiano Mario Sironi (Sassari, 12 maggio 1885 \u2013 Milano, 13 agosto 1961), uno dei maestri del Novecento italiano che innovarono il panorama delle arti figurative nel Paese, facendo poi scuola a livello internazionale.\u00a0 <\/span><\/div>\n<div><\/div>\n<div><span style=\"font-size: 12pt;\"><u><\/u><u><\/u><span style=\"font-family: georgia, palatino, serif;\">L&#8217;evento espositivo, che propone trentacinque opere, alcune delle quali tra le pi\u00f9 rappresentative dell&#8217;artista e della temperie culturale della sua epoca, \u00e8 organizzato da Pordenone Fiere e Comune di Pordenone con il sostegno della Fondazione Friuli e in collaborazione con NEF Padova. La curatela \u00e8 di Galleria 56 di Bologna. La mostra sar\u00e0 aperta al pubblico dal 13 aprile al 26 maggio.\u00a0<\/span><\/span><\/div>\n<div><span style=\"font-family: georgia, palatino, serif; font-size: 12pt;\">\u00a0<\/span><\/div>\n<div><span style=\"font-size: 12pt;\"><span style=\"font-family: Times New Roman, serif;\"><span style=\"font-family: georgia, palatino, serif;\">L\u2019anteprima stampa ha visto gli interventi dell\u2019Assessore alla Cultura e Vicesindaco del Comune di Pordenone, Alberto Parigi, del Presidente\u00a0di Pordenone Fiere, Renato Pujatti e di Alberto Scarpazza della<\/span>\u00a0<\/span>Galleria 56 di Bologna.<\/span><\/div>\n<div><span style=\"font-family: 'Times New Roman', serif; font-size: 12pt;\">\u00a0<\/span><\/div>\n<div><span style=\"font-size: 12pt;\">Alla vernice \u00a0serale delle ore 18 sono attesi il Sindaco di Pordenone \u00a0Alessandro Ciriani \u00a0direttore della Fondazione Friuli, Luciano Nonis\u00a0il ministro per i Rapporti con il Parlamento Luca Ciriani e l\u2019onorevole Emanuele Loperfido.<\/span><\/div>\n<p><span style=\"font-size: 12pt;\">\u00a0\u201cDa 5 anni realizziamo con piacere un\u2019iniziativa di arte moderna e contemporanea che coinvolge la citt\u00e0 di Pordenone &#8211;\u00a0afferma il presidente di Pordenone Fiere Renato Pujatti. \u2013 La mostra di quest\u2019anno dedicata al grande maestro Sironi si colloca in un progetto pi\u00f9 ampio orientato a sostenere il ruolo di Pordenone come meta di turismo culturale. Ci teniamo particolarmente a realizzare questi progetti, in collaborazione con il Comune di Pordenone convinti che arte e cultura, ma soprattutto la bellezza debbano rientrare nella mission di Pordenone Fiere\u201d.<u><\/u><u><\/u><\/span><\/p>\n<div><span style=\"font-size: 12pt;\">\u201cDopo la mostra del 2018, Pordenone continua il suo rapporto con Sironi \u2013 evidenzia l&#8217;assessore comunale alla Cultura Alberto Parigi \u2013 presentando, per\u00f2, opere diverse, che costituiscono un percorso nuovo. Abbiamo accolto subito la proposta della Fiera, che \u00e8 un\u2019occasione, oltre che per ammirare le opere di Sironi, per valorizzare i nostri spazi culturali, in primo luogo il Museo civico d\u2019arte\u201d.\u00a0<u><\/u><u><\/u><\/span><\/div>\n<div><\/div>\n<div><span style=\"font-size: 12pt;\">Dopo il successo delle mostre \u201cen plein air\u201d di Bruno Lucchi nel 2019 e di Giorgio Celiberti nel 2020 e la mostra antologica di Umberto Martina del 2022, Pordenone Fiere ha deciso di organizzare una nuova importante mostra dedicata a questo maestro dell\u2019arte moderna e contemporanea italiana.\u00a0<u><\/u><u><\/u><\/span><\/div>\n<div><\/div>\n<div><span style=\"font-size: 12pt;\">Sironi \u00e8 stato anche scultore, architetto, illustratore, scenografo e grafico. Negli anni Trenta ha teorizzato e praticato il ritorno alla pittura murale.\u00a0<u><\/u><u><\/u><\/span><\/div>\n<div><\/div>\n<div><span style=\"font-size: 12pt;\">Abbandonati\u00a0\u00a0gli studi universitari d&#8217;ingegneria per dedicarsi alla pittura, ader\u00ec al movimento futurista. Dopo la guerra, a cui partecip\u00f2 come volontario, inizi\u00f2 a Milano nel 1922 il movimento &#8220;novecentista&#8221;, diventandone uno dei capi. Nel contempo collaborava al \u202fPopolo d&#8217;Italia\u202fcome disegnatore e critico d&#8217;arte. Fu membro del direttorio della Triennale di Milano. La pittura di Sironi, tesa alla rivalutazione dei valori plastici distrutti dall&#8217;impressionismo, \u00e8 fatta di chiaroscuro, volumi e concisione grafica, e si risolve nell&#8217;idoleggiamento di una vita eroica e primitiva.<u><\/u><u><\/u><\/span><\/div>\n<div><\/div>\n<div><span style=\"font-size: 12pt;\">\u201cLa mostra a palazzo Ricchieri \u2013 spiegano i curatori \u2013 non avr\u00e0 un filo logico propriamente cronologico, ma rappresenter\u00e0 in modo completo la poliedricit\u00e0 del maestro Sironi con opere pittoriche, anche di grandi dimensioni, dedicate alla decorazione in senso generale e interventi su riviste di satira dell\u2019epoca o pubblicit\u00e0 create per i pi\u00f9 famosi marchi dell\u2019epoca\u201d.\u00a0<u><\/u><u><\/u><\/span><\/div>\n<div><\/div>\n<div><span style=\"font-size: 12pt;\">Tra le opere in mostra, solo per citarne alcune, \u201cLa Giustizia e la legge\u201d del 1935-37, \u201cRitratto di Uomo Anni \u201850\u201d, \u201cFigure Femminili 1948\u201d, \u201cComposizione Grigio-Azzurra fine anni \u201940\u201d, Fiat 500 progetto di pubblicit\u00e0 del 1936 circa.\u00a0<u><\/u><u><\/u><\/span><\/div>\n<div><\/div>\n<div><span style=\"font-size: 12pt;\">In occasione del vernissage, i curatori renderanno disponibile il ricco catalogo che accompagna l&#8217;evento espositivo, contenente tutte le opere esposte ( Edizioni Cinquantasei, n.72 pagine, prezzo di copertina 15 euro).\u00a0<u><\/u><u><\/u><\/span><\/div>\n<div><\/div>\n<div><span style=\"font-size: 12pt;\">La mostra\u00a0\u00a0ospitata al Museo Civico d\u2019arte in\u00a0\u00a0Palazzo Ricchieri,\u00a0\u00a0rappresenta l\u2019inizio di un nuovo percorso\u00a0\u00a0di collaborazioni\u00a0\u00a0di\u00a0Pordenone Fiere\u00a0\u00a0che nel 2025,\u00a0\u00a0\u00a0proporr\u00e0 un evento fieristico dedicato all\u2019arte e all\u2019antiquariato con una formula totalmente rinnovata gi\u00e0 dal titolo \u201cAlto\u00a0\u00a0Adriatico, Arte,\u00a0\u00a0Antiquariato\u201d.\u00a0<u><\/u><u><\/u><\/span><\/div>\n<div><\/div>\n<div><span style=\"font-size: large;\"><span style=\"font-size: 12pt;\"><b>Giorni e orari di apertura<\/b>: venerd\u00ec dalle 15 alle19; sabato e domenica dalle 10 alle 13. La mostra \u00e8 visitabile a <strong>ingresso libero<\/strong> (per informazioni:\u00a0<a href=\"https:\/\/www.comune.pordenone.it\/it\/comune\/il-comune\/strutture\/museoarte\" target=\"_blank\" rel=\"noopener\" data-saferedirecturl=\"https:\/\/www.google.com\/url?q=https:\/\/www.comune.pordenone.it\/it\/comune\/il-comune\/strutture\/museoarte&amp;source=gmail&amp;ust=1713012053824000&amp;usg=AOvVaw1k2UGRZMMZkyhdOGIu-zjb\">https:\/\/www.<wbr \/>comune.pordenone.it\/it\/comune\/<wbr \/>il-comune\/strutture\/museoarte<\/a>)<wbr \/>.<\/span><u><\/u><u><\/u><\/span><\/div>\n","protected":false},"excerpt":{"rendered":"<p>In mostra a Pordenone trentacinque opere del maestro del Novecento italiano, che innovarono il panorama delle arti figurative nel Paese<\/p>\n","protected":false},"author":28,"featured_media":53801,"comment_status":"closed","ping_status":"closed","template":"","tags":[261,826,60,275,1598],"mec_category":[59],"class_list":["post-53800","mec-events","type-mec-events","status-publish","has-post-thumbnail","hentry","tag-eventi","tag-eventi-fvg","tag-mostre","tag-pordenone","tag-sironi","mec_category-meeting"],"_links":{"self":[{"href":"https:\/\/imagazine.it\/home_desk\/wp-json\/wp\/v2\/mec-events\/53800","targetHints":{"allow":["GET"]}}],"collection":[{"href":"https:\/\/imagazine.it\/home_desk\/wp-json\/wp\/v2\/mec-events"}],"about":[{"href":"https:\/\/imagazine.it\/home_desk\/wp-json\/wp\/v2\/types\/mec-events"}],"author":[{"embeddable":true,"href":"https:\/\/imagazine.it\/home_desk\/wp-json\/wp\/v2\/users\/28"}],"replies":[{"embeddable":true,"href":"https:\/\/imagazine.it\/home_desk\/wp-json\/wp\/v2\/comments?post=53800"}],"wp:featuredmedia":[{"embeddable":true,"href":"https:\/\/imagazine.it\/home_desk\/wp-json\/wp\/v2\/media\/53801"}],"wp:attachment":[{"href":"https:\/\/imagazine.it\/home_desk\/wp-json\/wp\/v2\/media?parent=53800"}],"wp:term":[{"taxonomy":"post_tag","embeddable":true,"href":"https:\/\/imagazine.it\/home_desk\/wp-json\/wp\/v2\/tags?post=53800"},{"taxonomy":"mec_category","embeddable":true,"href":"https:\/\/imagazine.it\/home_desk\/wp-json\/wp\/v2\/mec_category?post=53800"}],"curies":[{"name":"wp","href":"https:\/\/api.w.org\/{rel}","templated":true}]}}