{"id":51694,"date":"2024-02-20T14:49:36","date_gmt":"2024-02-20T13:49:36","guid":{"rendered":"https:\/\/imagazine.it\/home_desk\/?post_type=mec-events&#038;p=51694"},"modified":"2024-02-20T14:49:36","modified_gmt":"2024-02-20T13:49:36","slug":"elio-e-le-storie-tese-in-concerto-a-palmanova","status":"publish","type":"mec-events","link":"https:\/\/imagazine.it\/home_desk\/events\/elio-e-le-storie-tese-in-concerto-a-palmanova\/","title":{"rendered":"Elio e le Storie Tese in concerto a Palmanova"},"content":{"rendered":"<p class=\"m_-895599956245985828xmsonormal\">Dopo il successo del tour nei teatri, con oltre 40 date esaurite che hanno emozionato e divertito oltre 60 mila spettatori, questa estate a grande richiesta\u00a0<b>Elio e Le Storie Tese<\/b>\u00a0portano di nuovo sui palchi italiani lo spettacolo &#8220;<em><b>Mi resta un solo dente e cerco di riavvitarlo<\/b><\/em>&#8220;.<\/p>\n<p class=\"m_-895599956245985828xmsonormal\">La band pi\u00f9 irriverente e dissacrante della musica italiana, amatissima da un pubblico transgenerazionale, continua quindi il suo viaggio nelle <em>venue<\/em> estive pi\u00f9 suggestive con il tour della <em>reunion<\/em>, che toccher\u00e0 anche il Friuli Venezia Giulia con la data in programma a <b>Palmanova<\/b>,\u00a0<b>venerd\u00ec 12 luglio<\/b>\u00a0(inizio ore 21.30) in\u00a0<b>Piazza Grande<\/b>.<\/p>\n<p class=\"m_-895599956245985828xmsonormal\"><b>Elio e Le Storie Tese<\/b> sono il primo grande nome annunciato per la rassegna <b>Estate di Stelle<\/b>, che da anni ospita nella citt\u00e0 stellata i pi\u00f9 grandi nomi della musica e dello spettacolo italiani e internazionali.\u00a0<u><\/u><\/p>\n<p class=\"m_-895599956245985828xmsonormal\">\u201c<i>Una nuova Estate di Stelle render\u00e0 speciali le notti in Piazza Grande. Accoglieremo con le dovuta ironia, le dissacrati canzoni che Elio e le Storie Tese proporranno, sicuri che il pubblico delle grandi occasioni sapr\u00e0 fare da cornice all\u2019evento. Come \u00e8 stato dimostrato negli ultimi anni, Palmanova e la sua ampia Piazza sono un teatro naturale unico dove proporre le pi\u00f9 svariate performance artistiche, dove rendere unico e magico ogni evento, dove poter accogliere i big della scena nazionale e internazionale<\/i>\u201d, afferma il sindaco di Palmanova, <b>Giuseppe Tellini<\/b>.<u><\/u><\/p>\n<p class=\"m_-895599956245985828xmsonormal\">Il concerto \u00e8 realizzato in collaborazione con la\u00a0<b>Federazione Italiana Baseball Softball<\/b>\u00a0e sar\u00e0 l\u2019occasione per lanciare la fase finale della\u00a0<b>Coppa del Mondo di Softball<\/b>, in programma a\u00a0<b>Castions di Strada<\/b>\u00a0(Udine) dal\u00a0<b>15 al 20 luglio<\/b>.<\/p>\n<p class=\"m_-895599956245985828xmsonormal\">Un connubio perfetto fra gli EELST e la versione olimpicamente femminile dello sport dei diamanti, disciplina preferita della band.<\/p>\n<p class=\"m_-895599956245985828xmsonormal\">\u201c<i>Non potevamo immaginare &#8211; <\/i>il commento del presidente della FIBS, <b>Andrea Marcon <\/b><i>&#8211; un preludio migliore al Mondiale di Softball, che vedr\u00e0 in campo le Azzurre impegnate contro le migliori squadre al mondo, dagli Stati Uniti al Giappone, al Canada, a Porto Rico, all\u2019Olanda. Inoltre, va sottolineato, stanchi delle continue incursioni di Elio e Faso nella nostra attivit\u00e0 sportiva, abbiamo pensato di vendicarci e restituire il favore, infilandoci nell\u2019organizzazione di una tappa del tour <\/i><b>&#8220;<i>Mi resta un solo dente e cerco di riavvitarlo<\/i>&#8220;<\/b>.<i>\u00a0Ovviamente una tappa estiva e all\u2019aperto, come all\u2019aperto si giocano il baseball e il softball.\u201d<\/i><u><\/u><u><\/u><\/p>\n<p class=\"m_-895599956245985828xxmsonormal\"><b>&#8220;<i>Mi resta un solo dente e cerco di riavvitarlo<\/i>&#8221;\u00a0<\/b>\u00e8 uno show\u00a0tra il sacro e il profano,\u00a0che si apre come una messa laica, in cui vari personaggi di attualit\u00e0 vengono invitati a pregare per i fan degli EelST, e che si chiude con la certificazione che tutto \u00e8 stato suonato in diretta\u00a0<i>\u00abSenza basi, senza campionamenti, senza autotune, insomma senza un cazzo, tutto fatto in casa\u00bb.<\/i>\u00a0Elio e le Storie Tese, vestiti di bianco, su\u00a0una scenografia studiata nel dettaglio,\u00a0con la\u00a0preziosa regia di\u00a0Giorgio Gallione, sanno\u00a0raccontare il nostro tempo in modo ironico e affascinante. Da \u201c<i>La terra dei cachi<\/i>\u201d a \u201c<i>Supergiovane<\/i>\u201d, da \u201c<i>Servi della gleba<\/i>\u201d a \u201c<i>Valzer transgenico<\/i>\u201d il repertorio del complessino \u00e8 sempre attuale, perch\u00e9 in fondo la mentalit\u00e0 italiana non cambia mai, c\u2019\u00e8 sempre un buon motivo per scandalizzarsi.\u00a0Lo spettacolo unisce alla musica i racconti e le immagini originali di una creativit\u00e0 senza limiti, per\u00a0un viaggio attraverso le contraddizioni del nostro paese\u00a0condotto con maestria e humour senza pari dagli Elio e le Storie Tese.<u><\/u><u><\/u><\/p>\n<p class=\"m_-895599956245985828xxmsonormal\"><i><u><\/u>\u00a0<\/i><\/p>\n","protected":false},"excerpt":{"rendered":"<p>Il gruppo pi\u00f9 irriverente della musica italiana protagonista in piazza Grande per lanciare la Coppa del Mondo di softball<\/p>\n","protected":false},"author":28,"featured_media":51695,"comment_status":"closed","ping_status":"closed","template":"","tags":[579,55,154],"mec_category":[99],"class_list":["post-51694","mec-events","type-mec-events","status-publish","has-post-thumbnail","hentry","tag-elio","tag-musica","tag-palmanova","mec_category-music"],"_links":{"self":[{"href":"https:\/\/imagazine.it\/home_desk\/wp-json\/wp\/v2\/mec-events\/51694","targetHints":{"allow":["GET"]}}],"collection":[{"href":"https:\/\/imagazine.it\/home_desk\/wp-json\/wp\/v2\/mec-events"}],"about":[{"href":"https:\/\/imagazine.it\/home_desk\/wp-json\/wp\/v2\/types\/mec-events"}],"author":[{"embeddable":true,"href":"https:\/\/imagazine.it\/home_desk\/wp-json\/wp\/v2\/users\/28"}],"replies":[{"embeddable":true,"href":"https:\/\/imagazine.it\/home_desk\/wp-json\/wp\/v2\/comments?post=51694"}],"wp:featuredmedia":[{"embeddable":true,"href":"https:\/\/imagazine.it\/home_desk\/wp-json\/wp\/v2\/media\/51695"}],"wp:attachment":[{"href":"https:\/\/imagazine.it\/home_desk\/wp-json\/wp\/v2\/media?parent=51694"}],"wp:term":[{"taxonomy":"post_tag","embeddable":true,"href":"https:\/\/imagazine.it\/home_desk\/wp-json\/wp\/v2\/tags?post=51694"},{"taxonomy":"mec_category","embeddable":true,"href":"https:\/\/imagazine.it\/home_desk\/wp-json\/wp\/v2\/mec_category?post=51694"}],"curies":[{"name":"wp","href":"https:\/\/api.w.org\/{rel}","templated":true}]}}